{"id":1143,"date":"2023-06-16T12:05:33","date_gmt":"2023-06-16T10:05:33","guid":{"rendered":"http:\/\/blackmountainvillage.com\/?page_id=1143"},"modified":"2023-07-19T12:30:36","modified_gmt":"2023-07-19T10:30:36","slug":"activites","status":"publish","type":"page","link":"https:\/\/blackmountainvillage.com\/index.php\/activites\/","title":{"rendered":"Activit\u00e9s"},"content":{"rendered":"<section class=\"wpb-content-wrapper\"><p>[vc_row full_width=&#8221;stretch_row_content&#8221; equal_height=&#8221;yes&#8221; content_placement=&#8221;middle&#8221; inverse=&#8221;&#8221; css=&#8221;.vc_custom_1687266275110{margin-top: 0px !important;margin-bottom: 0px !important;margin-left: 0px !important;border-left-width: 0px !important;padding-top: 0px !important;padding-bottom: 0px !important;padding-left: 0px !important;background-color: #c3e89b !important;}&#8221;][vc_column width=&#8221;1\/2&#8243; css=&#8221;.vc_custom_1689757768126{margin-top: 0px !important;margin-right: 0px !important;margin-bottom: 0px !important;margin-left: 0px !important;padding-top: 0px !important;padding-right: 0px !important;padding-bottom: 0px !important;padding-left: 0px !important;background-image: url(https:\/\/blackmountainvillage.com\/wp-content\/uploads\/2023\/07\/CENTRE-EQUESTRE-GOUTARENDE-VILLAGE-DU-CHEVAL-1.jpeg?id=1433) !important;background-position: center !important;background-repeat: no-repeat !important;background-size: cover !important;}&#8221; offset=&#8221;vc_col-lg-3\/5 vc_col-md-3\/5 vc_col-xs-12&#8243;]<div class=\"sc_section margin_top_null margin_bottom_small aligncenter column-1_1\"><div class=\"sc_section_inner\"><div class=\"sc_section_content_wrap\"><div class=\"cq-imageoverlay2-container  \" data-elementheight=\"\" data-overlaycolor=\"#434A54\"  data-image=\"\" data-titlesize=\"4em\" data-contentsize=\"5em\" data-contentcolor=\"\" data-overlaystyle=\"darkgray\" data-elementmargin=\"0 0 0 0\"><a href=\"https:\/\/www.tourisme-occitanie.com\/fr\/fiche\/activite\/centre-equestre-goutarende-village-du-cheval-cuxac-cabardes_TFOASCLAR0110000111\/\" title=\"\" target=\"\" class=\"cq-imageoverlay2-link\"><div class=\"cq-imageoverlay2\"><img decoding=\"async\" src=\"\" class=\"cq-imageoverlay2-img\" alt=\"\" \/><div class=\"text-container\"><h3 class=\"cq-imageoverlay2-title\"><i class=\"cq-imageoverlay2-icon fas fa-arrow-circle-right\"><\/i> En savoir plus<\/h3><\/div><div class=\"cq-imageoverlay2-background\"><\/div><\/div><\/a><\/div><\/div><\/div><\/div>[\/vc_column][vc_column width=&#8221;1\/2&#8243; offset=&#8221;vc_col-lg-2\/5 vc_col-md-2\/5 vc_col-xs-12&#8243; css=&#8221;.vc_custom_1687265773413{margin-top: 0px !important;margin-right: 0px !important;margin-bottom: 0px !important;margin-left: 0px !important;border-top-width: 0px !important;border-right-width: 0px !important;border-bottom-width: 0px !important;border-left-width: 0px !important;padding-top: 0px !important;padding-right: 0px !important;padding-bottom: 0px !important;padding-left: 0px !important;}&#8221;]<div class=\"sc_section margin_top_small margin_right_null margin_bottom_tiny margin_left_small\"><div class=\"sc_section_inner\"><div class=\"sc_section_content_wrap\"><h5 class=\"sc_title sc_title_regular margin_top_null margin_bottom_tiny\" style=\"top-margin: 0px;color:#dd9933;font-weight:700;font-size:2;\">LA GOUTARENDE<\/h5>[vc_column_text]<span style=\"color: #003300;\">&#8211; VILLAGE DU CHEVAL &#8211;<\/span>[\/vc_column_text][vc_column_text]<span style=\"color: #993300;\">Dans une ambiance sympathique et conviviale, venez pratiquer la discipline de votre choix, que ce soit une \u00e9quitation sportive (dressage, obstacle, cross, TREC), une promenade \u00e0 th\u00e8mes dans les for\u00eats environnantes (sortie avec baignade au lac, sortie de pleine lune,etc), ou encore une randonn\u00e9e d\u2019une journ\u00e9e. Location de shetlands en main pour promenades avec les tout petits.<\/span><\/p>\n<h6><span style=\"color: #0000ff;\">A 1 minute de notre parc<\/span><\/h6>\n<p>[\/vc_column_text]<\/div><div class=\"sc_section_button sc_item_button\"><a href=\"http:\/\/www.tourisme-montagnenoire.com\/decouvrir\/sites-naturels\/les-lacs-de-la-montagne-noire\" class=\"sc_button sc_button_square sc_button_style_filled sc_button_size_medium\">En savoir plus<\/a><\/div><\/div><\/div>[\/vc_column][\/vc_row][vc_row full_width=&#8221;stretch_row_content&#8221; equal_height=&#8221;yes&#8221; content_placement=&#8221;middle&#8221; inverse=&#8221;&#8221; css=&#8221;.vc_custom_1687266275110{margin-top: 0px !important;margin-bottom: 0px !important;margin-left: 0px !important;border-left-width: 0px !important;padding-top: 0px !important;padding-bottom: 0px !important;padding-left: 0px !important;background-color: #c3e89b !important;}&#8221;][vc_column width=&#8221;1\/2&#8243; offset=&#8221;vc_col-lg-2\/5 vc_col-md-2\/5 vc_col-xs-12 vc_hidden-xs&#8221; css=&#8221;.vc_custom_1689758383839{margin-top: 0px !important;margin-right: 0px !important;margin-bottom: 0px !important;margin-left: 0px !important;border-top-width: 0px !important;border-right-width: 0px !important;border-bottom-width: 0px !important;border-left-width: 0px !important;padding-top: 0px !important;padding-right: 0px !important;padding-bottom: 0px !important;padding-left: 0px !important;}&#8221;]<div class=\"sc_section margin_top_null margin_right_null margin_bottom_tiny margin_left_small\"><div class=\"sc_section_inner\"><div class=\"sc_section_content_wrap\"><h5 class=\"sc_title sc_title_regular margin_top_null margin_bottom_tiny\" style=\"top-margin: 0px;color:#dd9933;font-weight:700;font-size:2;\">LE MOULIN \u00c0 PAPIER<\/h5>[vc_column_text]<span style=\"color: #003300;\">&#8211; BROUSSE ET VILLARET &#8211;<\/span>[\/vc_column_text][vc_column_text]<span style=\"color: #993300;\">Vivez en famille une aventure unique et hors du temps.<\/span><br \/>\n<span style=\"color: #993300;\">Devenez papetier le temps d\u2019un instant pour partager la magie de la fabrication du papier, dans le dernier moulin encore en activit\u00e9 d\u2019Occitanie.<\/span><br \/>\n<span style=\"color: #993300;\">Un moment privil\u00e9gi\u00e9 au c\u0153ur d\u2019une nature luxuriante.<\/span><\/p>\n<h6><span style=\"color: #0000ff;\">A 3 minutes de notre parc<\/span><\/h6>\n<p>[\/vc_column_text]<\/div><div class=\"sc_section_button sc_item_button\"><a href=\"https:\/\/www.audetourisme.com\/fr\/experiences\/du-papier-au-moulin\/\" class=\"sc_button sc_button_square sc_button_style_filled sc_button_size_medium\">En savoir plus<\/a><\/div><\/div><\/div>[\/vc_column][vc_column width=&#8221;1\/2&#8243; css=&#8221;.vc_custom_1689758392300{margin-top: 0px !important;margin-right: 0px !important;margin-bottom: 0px !important;margin-left: 0px !important;padding-top: 0px !important;padding-right: 0px !important;padding-bottom: 0px !important;padding-left: 0px !important;background-image: url(http:\/\/blackmountainvillage.com\/wp-content\/uploads\/2023\/06\/02-brousses-et-villaret-2012-09-moulin-a-papier-vue-generale-cr-clida-min.jpg?id=1354) !important;background-position: center !important;background-repeat: no-repeat !important;background-size: cover !important;}&#8221; offset=&#8221;vc_col-lg-3\/5 vc_col-md-3\/5 vc_col-xs-12 vc_hidden-xs&#8221;]<div class=\"sc_section margin_top_null margin_bottom_null aligncenter column-1_1\"><div class=\"sc_section_inner\"><div class=\"sc_section_content_wrap\"><div class=\"cq-imageoverlay2-container  \" data-elementheight=\"\" data-overlaycolor=\"#434A54\"  data-image=\"\" data-titlesize=\"4em\" data-contentsize=\"5em\" data-contentcolor=\"\" data-overlaystyle=\"darkgray\" data-elementmargin=\"0 0 0 0\"><a href=\"https:\/\/www.audetourisme.com\/fr\/experiences\/du-papier-au-moulin\/\" title=\"\" target=\"\" class=\"cq-imageoverlay2-link\"><div class=\"cq-imageoverlay2\"><img decoding=\"async\" src=\"\" class=\"cq-imageoverlay2-img\" alt=\"\" \/><div class=\"text-container\"><h3 class=\"cq-imageoverlay2-title\"><i class=\"cq-imageoverlay2-icon fas fa-arrow-circle-right\"><\/i> En savoir plus<\/h3><\/div><div class=\"cq-imageoverlay2-background\"><\/div><\/div><\/a><\/div><\/div><\/div><\/div>[\/vc_column][\/vc_row][vc_row full_width=&#8221;stretch_row_content&#8221; equal_height=&#8221;yes&#8221; content_placement=&#8221;middle&#8221; inverse=&#8221;&#8221; css=&#8221;.vc_custom_1687266275110{margin-top: 0px !important;margin-bottom: 0px !important;margin-left: 0px !important;border-left-width: 0px !important;padding-top: 0px !important;padding-bottom: 0px !important;padding-left: 0px !important;background-color: #c3e89b !important;}&#8221;][vc_column width=&#8221;1\/2&#8243; css=&#8221;.vc_custom_1689758348073{margin-top: 0px !important;margin-right: 0px !important;margin-bottom: 0px !important;margin-left: 0px !important;padding-top: 0px !important;padding-right: 0px !important;padding-bottom: 0px !important;padding-left: 0px !important;background-image: url(http:\/\/blackmountainvillage.com\/wp-content\/uploads\/2023\/06\/02-brousses-et-villaret-2012-09-moulin-a-papier-vue-generale-cr-clida-min.jpg?id=1354) !important;background-position: center !important;background-repeat: no-repeat !important;background-size: cover !important;}&#8221; offset=&#8221;vc_col-lg-3\/5 vc_hidden-lg vc_col-md-3\/5 vc_hidden-md vc_hidden-sm vc_col-xs-12&#8243;]<div class=\"sc_section margin_top_null margin_bottom_null aligncenter column-1_1\"><div class=\"sc_section_inner\"><div class=\"sc_section_content_wrap\"><div class=\"cq-imageoverlay2-container  \" data-elementheight=\"\" data-overlaycolor=\"#434A54\"  data-image=\"\" data-titlesize=\"4em\" data-contentsize=\"5em\" data-contentcolor=\"\" data-overlaystyle=\"darkgray\" data-elementmargin=\"0 0 0 0\"><a href=\"https:\/\/www.audetourisme.com\/fr\/experiences\/du-papier-au-moulin\/\" title=\"\" target=\"\" class=\"cq-imageoverlay2-link\"><div class=\"cq-imageoverlay2\"><img decoding=\"async\" src=\"\" class=\"cq-imageoverlay2-img\" alt=\"\" \/><div class=\"text-container\"><h3 class=\"cq-imageoverlay2-title\"><i class=\"cq-imageoverlay2-icon fas fa-arrow-circle-right\"><\/i> En savoir plus<\/h3><\/div><div class=\"cq-imageoverlay2-background\"><\/div><\/div><\/a><\/div><\/div><\/div><\/div>[\/vc_column][vc_column width=&#8221;1\/2&#8243; offset=&#8221;vc_col-lg-2\/5 vc_hidden-lg vc_col-md-2\/5 vc_hidden-md vc_hidden-sm vc_col-xs-12&#8243; css=&#8221;.vc_custom_1689758372334{margin-top: 0px !important;margin-right: 0px !important;margin-bottom: 0px !important;margin-left: 0px !important;border-top-width: 0px !important;border-right-width: 0px !important;border-bottom-width: 0px !important;border-left-width: 0px !important;padding-top: 0px !important;padding-right: 0px !important;padding-bottom: 0px !important;padding-left: 0px !important;}&#8221;]<div class=\"sc_section margin_top_null margin_right_null margin_bottom_tiny margin_left_small\"><div class=\"sc_section_inner\"><div class=\"sc_section_content_wrap\"><h5 class=\"sc_title sc_title_regular margin_top_small margin_bottom_tiny\" style=\"top-margin: 0px;color:#dd9933;font-weight:700;font-size:2;\">LE MOULIN \u00c0 PAPIER<\/h5>[vc_column_text]<span style=\"color: #003300;\">&#8211; BROUSSE ET VILLARET &#8211;<\/span>[\/vc_column_text][vc_column_text]<span style=\"color: #993300;\">Vivez en famille une aventure unique et hors du temps.<\/span><br \/>\n<span style=\"color: #993300;\">Devenez papetier le temps d\u2019un instant pour partager la magie de la fabrication du papier, dans le dernier moulin encore en activit\u00e9 d\u2019Occitanie.<\/span><br \/>\n<span style=\"color: #993300;\">Un moment privil\u00e9gi\u00e9 au c\u0153ur d\u2019une nature luxuriante.<\/span><\/p>\n<h6><span style=\"color: #0000ff;\">A 3 minutes de notre parc<\/span><\/h6>\n<p>[\/vc_column_text]<\/div><div class=\"sc_section_button sc_item_button\"><a href=\"https:\/\/www.audetourisme.com\/fr\/experiences\/du-papier-au-moulin\/\" class=\"sc_button sc_button_square sc_button_style_filled sc_button_size_medium\">En savoir plus<\/a><\/div><\/div><\/div>[\/vc_column][\/vc_row][vc_row full_width=&#8221;stretch_row_content&#8221; equal_height=&#8221;yes&#8221; content_placement=&#8221;middle&#8221; inverse=&#8221;&#8221; css=&#8221;.vc_custom_1687266275110{margin-top: 0px !important;margin-bottom: 0px !important;margin-left: 0px !important;border-left-width: 0px !important;padding-top: 0px !important;padding-bottom: 0px !important;padding-left: 0px !important;background-color: #c3e89b !important;}&#8221;][vc_column width=&#8221;1\/2&#8243; css=&#8221;.vc_custom_1688057484987{margin-top: 0px !important;margin-right: 0px !important;margin-bottom: 0px !important;margin-left: 0px !important;padding-top: 0px !important;padding-right: 0px !important;padding-bottom: 0px !important;padding-left: 0px !important;background-image: url(http:\/\/blackmountainvillage.com\/wp-content\/uploads\/2023\/06\/lac_2-scaled-1.jpg?id=1145) !important;background-position: center !important;background-repeat: no-repeat !important;background-size: cover !important;}&#8221; offset=&#8221;vc_col-lg-3\/5 vc_col-md-3\/5 vc_col-xs-12&#8243;]<div class=\"sc_section margin_top_null margin_bottom_small aligncenter column-1_1\"><div class=\"sc_section_inner\"><div class=\"sc_section_content_wrap\"><div class=\"cq-imageoverlay2-container  \" data-elementheight=\"\" data-overlaycolor=\"#434A54\"  data-image=\"\" data-titlesize=\"4em\" data-contentsize=\"5em\" data-contentcolor=\"\" data-overlaystyle=\"darkgray\" data-elementmargin=\"0 0 0 0\"><a href=\"http:\/\/www.tourisme-montagnenoire.com\/decouvrir\/sites-naturels\/les-lacs-de-la-montagne-noire\" title=\"\" target=\"\" class=\"cq-imageoverlay2-link\"><div class=\"cq-imageoverlay2\"><img decoding=\"async\" src=\"\" class=\"cq-imageoverlay2-img\" alt=\"\" \/><div class=\"text-container\"><h3 class=\"cq-imageoverlay2-title\"><i class=\"cq-imageoverlay2-icon fas fa-arrow-circle-right\"><\/i> En savoir plus<\/h3><\/div><div class=\"cq-imageoverlay2-background\"><\/div><\/div><\/a><\/div><\/div><\/div><\/div>[\/vc_column][vc_column width=&#8221;1\/2&#8243; offset=&#8221;vc_col-lg-2\/5 vc_col-md-2\/5 vc_col-xs-12&#8243; css=&#8221;.vc_custom_1687265773413{margin-top: 0px !important;margin-right: 0px !important;margin-bottom: 0px !important;margin-left: 0px !important;border-top-width: 0px !important;border-right-width: 0px !important;border-bottom-width: 0px !important;border-left-width: 0px !important;padding-top: 0px !important;padding-right: 0px !important;padding-bottom: 0px !important;padding-left: 0px !important;}&#8221;]<div class=\"sc_section margin_top_small margin_right_null margin_bottom_tiny margin_left_small\"><div class=\"sc_section_inner\"><div class=\"sc_section_content_wrap\"><h5 class=\"sc_title sc_title_regular margin_top_null margin_bottom_tiny\" style=\"top-margin: 0px;color:#dd9933;font-weight:700;font-size:2;\">LAC LAPRADE-BASSE<\/h5>[vc_column_text]<span style=\"color: #003300;\">&#8211; LAPRADE &#8211;<\/span>[\/vc_column_text][vc_column_text]<\/p>\n<p class=\"rtecenter\"><span style=\"color: #000000;\">Profitez d\u2019une belle journ\u00e9e pour d\u00e9couvrir ce site unique. Promenez-vous autour du lac, prenez votre canne \u00e0 p\u00eache, emmenez vos enfants \u00e0 la d\u00e9couverte des tourbi\u00e8res et ses Dros\u00e9ras Rotundifolia (plantes carnivores) ou encore alliez nature et patrimoine en empruntant le sentier th\u00e9matique qui vous ram\u00e8nera au temps des Gallo-Romains. Entre amis, en famille ou en couple, profitez de cet espace de d\u00e9tente\u00a0!<\/span><\/p>\n<h6><span style=\"color: #0000ff;\">A 2 minutes de notre parc<\/span><\/h6>\n<p>[\/vc_column_text]<\/div><div class=\"sc_section_button sc_item_button\"><a href=\"http:\/\/www.tourisme-montagnenoire.com\/decouvrir\/sites-naturels\/les-lacs-de-la-montagne-noire\" class=\"sc_button sc_button_square sc_button_style_filled sc_button_size_medium\">En savoir plus<\/a><\/div><\/div><\/div>[\/vc_column][\/vc_row][vc_row full_width=&#8221;stretch_row_content&#8221; content_placement=&#8221;middle&#8221; inverse=&#8221;&#8221; css=&#8221;.vc_custom_1686909889044{margin-top: 0px !important;margin-left: 0px !important;border-left-width: 0px !important;padding-top: 0px !important;padding-left: 0px !important;background-color: #c3e89b !important;}&#8221;][vc_column width=&#8221;1\/2&#8243; offset=&#8221;vc_col-lg-2\/5 vc_col-md-2\/5 vc_col-xs-12 vc_hidden-xs&#8221; css=&#8221;.vc_custom_1688057119352{margin-top: 0px !important;margin-right: 0px !important;margin-bottom: 0px !important;margin-left: 0px !important;border-top-width: 0px !important;border-right-width: 0px !important;border-bottom-width: 0px !important;border-left-width: 0px !important;padding-top: 0px !important;padding-right: 0px !important;padding-bottom: 0px !important;padding-left: 0px !important;}&#8221;]<div class=\"sc_section margin_top_small margin_right_small margin_bottom_tiny margin_left_tiny\"><div class=\"sc_section_inner\"><div class=\"sc_section_content_wrap\"><h5 class=\"sc_title sc_title_regular margin_top_null margin_bottom_tiny\" style=\"top-margin: 0px;color:#dd9933;font-weight:700;font-size:2;\">BASE DE LOISIRS<\/h5>[vc_column_text]<span style=\"color: #003366;\">&#8211; Lac des Montagn\u00e8s &#8211;<\/span>[\/vc_column_text][vc_column_text]<\/p>\n<div class=\"elementor-element elementor-element-3bf2dd6 elementor-widget elementor-widget-text-editor\" data-id=\"3bf2dd6\" data-element_type=\"widget\" data-widget_type=\"text-editor.default\">\n<div class=\"elementor-widget-container\">\n<div class=\"elementor-text-editor elementor-clearfix\">\n<p><span style=\"color: #000000;\">Dans un paysage sauvage et montagneux, vous d\u00e9couvrirez un lac au bleu profond et \u00e0 l\u2019eau pure, o\u00f9 il est possible de se baigner. Un d\u00e9cor de carte postale avec plage am\u00e9nag\u00e9e, jeux pour enfants et aire de pique-nique, id\u00e9al pour passer d\u2019agr\u00e9ables vacances, ou profiter de brefs moments de d\u00e9tente improvis\u00e9s, en famille ou entre amis.\u00a0Ici, on fait le plein de bonnes vibrations\u00a0!<\/span><\/p>\n<\/div>\n<\/div>\n<\/div>\n<h6><span style=\"color: #0000ff;\">A 8 minutes de notre parc<\/span><\/h6>\n<p>[\/vc_column_text]<\/div><div class=\"sc_section_button sc_item_button\"><a href=\"http:\/\/www.tourisme-montagnenoire.com\/decouvrir\/sites-naturels\/les-lacs-de-la-montagne-noire\" class=\"sc_button sc_button_square sc_button_style_filled sc_button_size_medium\">En savoir plus<\/a><\/div><\/div><\/div>[\/vc_column][vc_column width=&#8221;1\/2&#8243; css=&#8221;.vc_custom_1688057656879{margin-top: 0px !important;margin-right: 0px !important;margin-bottom: 0px !important;margin-left: 0px !important;padding-top: 0px !important;padding-right: 0px !important;padding-bottom: 0px !important;padding-left: 0px !important;background-image: url(http:\/\/blackmountainvillage.com\/wp-content\/uploads\/2023\/06\/2143743-diaporama.jpg?id=1200) !important;background-position: center !important;background-repeat: no-repeat !important;background-size: cover !important;}&#8221; offset=&#8221;vc_col-lg-3\/5 vc_col-md-3\/5 vc_col-xs-12 vc_hidden-xs&#8221;]<div class=\"sc_section margin_top_null margin_bottom_small aligncenter column-1_1\"><div class=\"sc_section_inner\"><div class=\"sc_section_content_wrap\"><div class=\"cq-imageoverlay2-container  \" data-elementheight=\"\" data-overlaycolor=\"#434A54\"  data-image=\"\" data-titlesize=\"4em\" data-contentsize=\"5em\" data-contentcolor=\"\" data-overlaystyle=\"darkgray\" data-elementmargin=\"0 0 0 0\"><a href=\"http:\/\/www.tourisme-montagnenoire.com\/decouvrir\/sites-naturels\/les-lacs-de-la-montagne-noire\" title=\"\" target=\"\" class=\"cq-imageoverlay2-link\"><div class=\"cq-imageoverlay2\"><img decoding=\"async\" src=\"\" class=\"cq-imageoverlay2-img\" alt=\"\" \/><div class=\"text-container\"><h3 class=\"cq-imageoverlay2-title\"><i class=\"cq-imageoverlay2-icon fas fa-arrow-circle-right\"><\/i> En savoir plus<\/h3><\/div><div class=\"cq-imageoverlay2-background\"><\/div><\/div><\/a><\/div><\/div><\/div><\/div>[\/vc_column][\/vc_row][vc_row full_width=&#8221;stretch_row_content&#8221; content_placement=&#8221;middle&#8221; inverse=&#8221;&#8221; css=&#8221;.vc_custom_1686909889044{margin-top: 0px !important;margin-left: 0px !important;border-left-width: 0px !important;padding-top: 0px !important;padding-left: 0px !important;background-color: #c3e89b !important;}&#8221;][vc_column width=&#8221;1\/2&#8243; css=&#8221;.vc_custom_1688057746090{margin-top: 0px !important;margin-right: 0px !important;margin-bottom: 0px !important;margin-left: 0px !important;padding-top: 0px !important;padding-right: 0px !important;padding-bottom: 0px !important;padding-left: 0px !important;background-image: url(http:\/\/blackmountainvillage.com\/wp-content\/uploads\/2023\/06\/2143743-diaporama.jpg?id=1200) !important;background-position: center !important;background-repeat: no-repeat !important;background-size: cover !important;}&#8221; offset=&#8221;vc_col-lg-3\/5 vc_hidden-lg vc_col-md-3\/5 vc_hidden-md vc_hidden-sm vc_col-xs-12&#8243;]<div class=\"sc_section margin_top_null margin_bottom_null aligncenter column-1_1\"><div class=\"sc_section_inner\"><div class=\"sc_section_content_wrap\"><div class=\"cq-imageoverlay2-container  \" data-elementheight=\"\" data-overlaycolor=\"#434A54\"  data-image=\"\" data-titlesize=\"4em\" data-contentsize=\"5em\" data-contentcolor=\"\" data-overlaystyle=\"darkgray\" data-elementmargin=\"0 0 0 0\"><a href=\"http:\/\/www.tourisme-montagnenoire.com\/decouvrir\/sites-naturels\/les-lacs-de-la-montagne-noire\" title=\"\" target=\"\" class=\"cq-imageoverlay2-link\"><div class=\"cq-imageoverlay2\"><img decoding=\"async\" src=\"\" class=\"cq-imageoverlay2-img\" alt=\"\" \/><div class=\"text-container\"><h3 class=\"cq-imageoverlay2-title\"><i class=\"cq-imageoverlay2-icon fas fa-arrow-circle-right\"><\/i> En savoir plus<\/h3><\/div><div class=\"cq-imageoverlay2-background\"><\/div><\/div><\/a><\/div><\/div><\/div><\/div>[\/vc_column][vc_column width=&#8221;1\/2&#8243; offset=&#8221;vc_col-lg-2\/5 vc_hidden-lg vc_col-md-2\/5 vc_hidden-md vc_hidden-sm vc_col-xs-12&#8243; css=&#8221;.vc_custom_1688057106199{margin-top: 0px !important;margin-right: 0px !important;margin-bottom: 0px !important;margin-left: 0px !important;border-top-width: 0px !important;border-right-width: 0px !important;border-bottom-width: 0px !important;border-left-width: 0px !important;padding-top: 0px !important;padding-right: 0px !important;padding-bottom: 0px !important;padding-left: 0px !important;}&#8221;]<div class=\"sc_section margin_top_null margin_right_small margin_bottom_tiny margin_left_tiny\"><div class=\"sc_section_inner\"><div class=\"sc_section_content_wrap\"><h5 class=\"sc_title sc_title_regular margin_top_null margin_bottom_tiny\" style=\"top-margin: 0px;color:#dd9933;font-weight:700;font-size:2;\">BASE DE LOISIRS<\/h5>[vc_column_text]<span style=\"color: #003366;\">&#8211; Lac des Montagn\u00e8s &#8211;<\/span>[\/vc_column_text][vc_column_text]<\/p>\n<div class=\"elementor-element elementor-element-3bf2dd6 elementor-widget elementor-widget-text-editor\" data-id=\"3bf2dd6\" data-element_type=\"widget\" data-widget_type=\"text-editor.default\">\n<div class=\"elementor-widget-container\">\n<div class=\"elementor-text-editor elementor-clearfix\">\n<p><span style=\"color: #000000;\">Dans un paysage sauvage et montagneux, vous d\u00e9couvrirez un lac au bleu profond et \u00e0 l\u2019eau pure, o\u00f9 il est possible de se baigner. Un d\u00e9cor de carte postale avec plage am\u00e9nag\u00e9e, jeux pour enfants et aire de pique-nique, id\u00e9al pour passer d\u2019agr\u00e9ables vacances, ou profiter de brefs moments de d\u00e9tente improvis\u00e9s, en famille ou entre amis.\u00a0Ici, on fait le plein de bonnes vibrations\u00a0!<\/span><\/p>\n<\/div>\n<\/div>\n<\/div>\n<h6><span style=\"color: #0000ff;\">A 8 minutes de notre parc<\/span><\/h6>\n<p>[\/vc_column_text]<\/div><div class=\"sc_section_button sc_item_button\"><a href=\"http:\/\/www.tourisme-montagnenoire.com\/decouvrir\/sites-naturels\/les-lacs-de-la-montagne-noire\" class=\"sc_button sc_button_square sc_button_style_filled sc_button_size_medium\">En savoir plus<\/a><\/div><\/div><\/div>[\/vc_column][\/vc_row][vc_row full_width=&#8221;stretch_row_content&#8221; content_placement=&#8221;middle&#8221; inverse=&#8221;&#8221; css=&#8221;.vc_custom_1686909889044{margin-top: 0px !important;margin-left: 0px !important;border-left-width: 0px !important;padding-top: 0px !important;padding-left: 0px !important;background-color: #c3e89b !important;}&#8221;][vc_column width=&#8221;1\/2&#8243; css=&#8221;.vc_custom_1688058808853{margin-top: 0px !important;margin-right: 0px !important;margin-bottom: 0px !important;margin-left: 0px !important;padding-top: 0px !important;padding-right: 0px !important;padding-bottom: 0px !important;padding-left: 0px !important;background-image: url(http:\/\/blackmountainvillage.com\/wp-content\/uploads\/2023\/06\/1-3-1-Cascade-Cubservies-2.jpg?id=1351) !important;background-position: center !important;background-repeat: no-repeat !important;background-size: cover !important;}&#8221; offset=&#8221;vc_col-lg-3\/5 vc_col-md-3\/5 vc_col-xs-12 vc_hidden-xs&#8221;]<div class=\"sc_section margin_top_null margin_bottom_null aligncenter column-1_1\"><div class=\"sc_section_inner\"><div class=\"sc_section_content_wrap\"><div class=\"cq-imageoverlay2-container  \" data-elementheight=\"\" data-overlaycolor=\"#434A54\"  data-image=\"\" data-titlesize=\"4em\" data-contentsize=\"5em\" data-contentcolor=\"\" data-overlaystyle=\"darkgray\" data-elementmargin=\"0 0 0 0\"><a href=\"http:\/\/www.tourisme-montagnenoire.com\/decouvrir\/sites-naturels\/la-cascade-de-cubservies\" title=\"\" target=\"\" class=\"cq-imageoverlay2-link\"><div class=\"cq-imageoverlay2\"><img decoding=\"async\" src=\"\" class=\"cq-imageoverlay2-img\" alt=\"\" \/><div class=\"text-container\"><h3 class=\"cq-imageoverlay2-title\"><i class=\"cq-imageoverlay2-icon fas fa-arrow-circle-right\"><\/i> En savoir plus<\/h3><\/div><div class=\"cq-imageoverlay2-background\"><\/div><\/div><\/a><\/div><\/div><\/div><\/div>[\/vc_column][vc_column width=&#8221;1\/2&#8243; offset=&#8221;vc_col-lg-2\/5 vc_col-md-2\/5 vc_col-xs-12 vc_hidden-xs&#8221; css=&#8221;.vc_custom_1688057119352{margin-top: 0px !important;margin-right: 0px !important;margin-bottom: 0px !important;margin-left: 0px !important;border-top-width: 0px !important;border-right-width: 0px !important;border-bottom-width: 0px !important;border-left-width: 0px !important;padding-top: 0px !important;padding-right: 0px !important;padding-bottom: 0px !important;padding-left: 0px !important;}&#8221;]<div class=\"sc_section margin_top_null margin_right_small margin_bottom_tiny margin_left_tiny\"><div class=\"sc_section_inner\"><div class=\"sc_section_content_wrap\"><h5 class=\"sc_title sc_title_regular margin_top_null margin_bottom_tiny\" style=\"top-margin: 0px;color:#dd9933;font-weight:700;font-size:2;\">CASCADE DE CUBSERVI\u00c8S<\/h5>[vc_column_text]<span style=\"color: #003366;\">&#8211; Roquef\u00e8re &#8211;<\/span>[\/vc_column_text][vc_column_text]<\/p>\n<div class=\"elementor-element elementor-element-3bf2dd6 elementor-widget elementor-widget-text-editor\" data-id=\"3bf2dd6\" data-element_type=\"widget\" data-widget_type=\"text-editor.default\">\n<div class=\"elementor-widget-container\">\n<div class=\"elementor-text-editor elementor-clearfix\">\n<div class=\"elementor-element elementor-element-3bf2dd6 elementor-widget elementor-widget-text-editor\" data-id=\"3bf2dd6\" data-element_type=\"widget\" data-widget_type=\"text-editor.default\">\n<div class=\"elementor-widget-container\">\n<div class=\"elementor-text-editor elementor-clearfix\">\n<p><span style=\"color: #800000;\">Pour admirer la cascade de Cubservi\u00e8s,\u00a0rendez-vous au hameau \u00e9ponyme, en haut d\u2019un piton rocheux. Profitez d\u2019un panorama \u00e0 couper le souffle sur la vall\u00e9e du Rieutort, au c\u0153ur de la Montagne Noire. Vous pouvez \u00e9galement la voir depuis le beau village de Roquef\u00e8re.<\/span><\/p>\n<\/div>\n<\/div>\n<\/div>\n<h6><span style=\"color: #0000ff;\">A 16 minutes de notre parc<\/span><\/h6>\n<\/div>\n<\/div>\n<\/div>\n<p>[\/vc_column_text]<\/div><div class=\"sc_section_button sc_item_button\"><a href=\"http:\/\/www.tourisme-montagnenoire.com\/decouvrir\/sites-naturels\/la-cascade-de-cubservies\" class=\"sc_button sc_button_square sc_button_style_filled sc_button_size_medium\">En savoir plus<\/a><\/div><\/div><\/div>[\/vc_column][\/vc_row][vc_row full_width=&#8221;stretch_row_content&#8221; equal_height=&#8221;yes&#8221; content_placement=&#8221;middle&#8221; inverse=&#8221;&#8221; css=&#8221;.vc_custom_1687266275110{margin-top: 0px !important;margin-bottom: 0px !important;margin-left: 0px !important;border-left-width: 0px !important;padding-top: 0px !important;padding-bottom: 0px !important;padding-left: 0px !important;background-color: #c3e89b !important;}&#8221;][vc_column width=&#8221;1\/2&#8243; offset=&#8221;vc_col-lg-2\/5 vc_col-md-2\/5 vc_col-xs-12 vc_hidden-xs&#8221; css=&#8221;.vc_custom_1689759244612{margin-top: 0px !important;margin-right: 0px !important;margin-bottom: 0px !important;margin-left: 0px !important;border-top-width: 0px !important;border-right-width: 0px !important;border-bottom-width: 0px !important;border-left-width: 0px !important;padding-top: 0px !important;padding-right: 0px !important;padding-bottom: 0px !important;padding-left: 0px !important;}&#8221;]<div class=\"sc_section margin_top_null margin_right_null margin_bottom_tiny margin_left_small\"><div class=\"sc_section_inner\"><div class=\"sc_section_content_wrap\"><h5 class=\"sc_title sc_title_regular margin_top_null margin_bottom_tiny\" style=\"top-margin: 0px;color:#dd9933;font-weight:700;font-size:2;\">VILLAGE M\u00c9DI\u00c9VAL<\/h5>[vc_column_text]<span style=\"color: #003300;\">&#8211; HAUTPOUL-<\/span>[\/vc_column_text][vc_column_text]<\/p>\n<p class=\"rtecenter\"><span style=\"color: #993300;\">Sur un piton rocheux de la Montagne Noire, se trouve le petit village pittoresque d\u2019Hautpoul. Naufrag\u00e9 de l\u2019Histoire, on peut y voir encore de beaux vestiges du Moyen-Age, ainsi que des panoramas splendides sur la vall\u00e9e de Mazamet et ses environs.<\/span><\/p>\n<h6><span style=\"color: #0000ff;\">A 13 minutes de notre parc<\/span><\/h6>\n<p>[\/vc_column_text]<\/div><div class=\"sc_section_button sc_item_button\"><a href=\"https:\/\/www.tourisme-tarn.com\/decouvrir\/incontournables\/bastides-villages\/villages\/hautpoul\/\" class=\"sc_button sc_button_square sc_button_style_filled sc_button_size_medium\">En savoir plus<\/a><\/div><\/div><\/div>[\/vc_column][vc_column width=&#8221;1\/2&#8243; css=&#8221;.vc_custom_1689759254800{margin-top: 0px !important;margin-right: 0px !important;margin-bottom: 0px !important;margin-left: 0px !important;padding-top: 0px !important;padding-right: 0px !important;padding-bottom: 0px !important;padding-left: 0px !important;background-image: url(http:\/\/blackmountainvillage.com\/wp-content\/uploads\/2023\/06\/7202172.jpg?id=1349) !important;background-position: center !important;background-repeat: no-repeat !important;background-size: cover !important;}&#8221; offset=&#8221;vc_col-lg-3\/5 vc_col-md-3\/5 vc_col-xs-12 vc_hidden-xs&#8221;]<div class=\"sc_section margin_top_null margin_bottom_null aligncenter column-1_1\"><div class=\"sc_section_inner\"><div class=\"sc_section_content_wrap\"><div class=\"cq-imageoverlay2-container  \" data-elementheight=\"\" data-overlaycolor=\"#434A54\"  data-image=\"\" data-titlesize=\"4em\" data-contentsize=\"5em\" data-contentcolor=\"\" data-overlaystyle=\"darkgray\" data-elementmargin=\"0 0 0 0\"><a href=\"https:\/\/www.tourisme-tarn.com\/decouvrir\/incontournables\/bastides-villages\/villages\/hautpoul\/\" title=\"\" target=\"\" class=\"cq-imageoverlay2-link\"><div class=\"cq-imageoverlay2\"><img decoding=\"async\" src=\"\" class=\"cq-imageoverlay2-img\" alt=\"\" \/><div class=\"text-container\"><h3 class=\"cq-imageoverlay2-title\"><i class=\"cq-imageoverlay2-icon fas fa-arrow-circle-right\"><\/i> En savoir plus<\/h3><\/div><div class=\"cq-imageoverlay2-background\"><\/div><\/div><\/a><\/div><\/div><\/div><\/div>[\/vc_column][\/vc_row][vc_row full_width=&#8221;stretch_row_content&#8221; equal_height=&#8221;yes&#8221; content_placement=&#8221;middle&#8221; inverse=&#8221;&#8221; css=&#8221;.vc_custom_1687266275110{margin-top: 0px !important;margin-bottom: 0px !important;margin-left: 0px !important;border-left-width: 0px !important;padding-top: 0px !important;padding-bottom: 0px !important;padding-left: 0px !important;background-color: #c3e89b !important;}&#8221;][vc_column width=&#8221;1\/2&#8243; css=&#8221;.vc_custom_1689759213345{margin-top: 0px !important;margin-right: 0px !important;margin-bottom: 0px !important;margin-left: 0px !important;padding-top: 0px !important;padding-right: 0px !important;padding-bottom: 0px !important;padding-left: 0px !important;background-image: url(http:\/\/blackmountainvillage.com\/wp-content\/uploads\/2023\/06\/7202172.jpg?id=1349) !important;background-position: center !important;background-repeat: no-repeat !important;background-size: cover !important;}&#8221; offset=&#8221;vc_col-lg-3\/5 vc_hidden-lg vc_col-md-3\/5 vc_hidden-md vc_hidden-sm vc_col-xs-12&#8243;]<div class=\"sc_section margin_top_null margin_bottom_null aligncenter column-1_1\"><div class=\"sc_section_inner\"><div class=\"sc_section_content_wrap\"><div class=\"cq-imageoverlay2-container  \" data-elementheight=\"\" data-overlaycolor=\"#434A54\"  data-image=\"\" data-titlesize=\"4em\" data-contentsize=\"5em\" data-contentcolor=\"\" data-overlaystyle=\"darkgray\" data-elementmargin=\"0 0 0 0\"><a href=\"https:\/\/www.tourisme-tarn.com\/decouvrir\/incontournables\/bastides-villages\/villages\/hautpoul\/\" title=\"\" target=\"\" class=\"cq-imageoverlay2-link\"><div class=\"cq-imageoverlay2\"><img decoding=\"async\" src=\"\" class=\"cq-imageoverlay2-img\" alt=\"\" \/><div class=\"text-container\"><h3 class=\"cq-imageoverlay2-title\"><i class=\"cq-imageoverlay2-icon fas fa-arrow-circle-right\"><\/i> En savoir plus<\/h3><\/div><div class=\"cq-imageoverlay2-background\"><\/div><\/div><\/a><\/div><\/div><\/div><\/div>[\/vc_column][vc_column width=&#8221;1\/2&#8243; offset=&#8221;vc_col-lg-2\/5 vc_hidden-lg vc_col-md-2\/5 vc_hidden-md vc_hidden-sm vc_col-xs-12&#8243; css=&#8221;.vc_custom_1689759222380{margin-top: 0px !important;margin-right: 0px !important;margin-bottom: 0px !important;margin-left: 0px !important;border-top-width: 0px !important;border-right-width: 0px !important;border-bottom-width: 0px !important;border-left-width: 0px !important;padding-top: 0px !important;padding-right: 0px !important;padding-bottom: 0px !important;padding-left: 0px !important;}&#8221;]<div class=\"sc_section margin_top_null margin_right_null margin_bottom_tiny margin_left_small\"><div class=\"sc_section_inner\"><div class=\"sc_section_content_wrap\"><h5 class=\"sc_title sc_title_regular margin_top_null margin_bottom_tiny\" style=\"top-margin: 0px;color:#dd9933;font-weight:700;font-size:2;\">VILLAGE M\u00c9DI\u00c9VAL<\/h5>[vc_column_text]<span style=\"color: #003300;\">&#8211; HAUTPOUL-<\/span>[\/vc_column_text][vc_column_text]<\/p>\n<p class=\"rtecenter\"><span style=\"color: #993300;\">Sur un piton rocheux de la Montagne Noire, se trouve le petit village pittoresque d\u2019Hautpoul. Naufrag\u00e9 de l\u2019Histoire, on peut y voir encore de beaux vestiges du Moyen-Age, ainsi que des panoramas splendides sur la vall\u00e9e de Mazamet et ses environs.<\/span><\/p>\n<h6><span style=\"color: #0000ff;\">A 13 minutes de notre parc<\/span><\/h6>\n<p>[\/vc_column_text]<\/div><div class=\"sc_section_button sc_item_button\"><a href=\"https:\/\/www.tourisme-tarn.com\/decouvrir\/incontournables\/bastides-villages\/villages\/hautpoul\/\" class=\"sc_button sc_button_square sc_button_style_filled sc_button_size_medium\">En savoir plus<\/a><\/div><\/div><\/div>[\/vc_column][\/vc_row][vc_row full_width=&#8221;stretch_row_content&#8221; equal_height=&#8221;yes&#8221; content_placement=&#8221;middle&#8221; inverse=&#8221;&#8221; css=&#8221;.vc_custom_1687266275110{margin-top: 0px !important;margin-bottom: 0px !important;margin-left: 0px !important;border-left-width: 0px !important;padding-top: 0px !important;padding-bottom: 0px !important;padding-left: 0px !important;background-color: #c3e89b !important;}&#8221;][vc_column width=&#8221;1\/2&#8243; css=&#8221;.vc_custom_1688063030002{margin-top: 0px !important;margin-right: 0px !important;margin-bottom: 0px !important;margin-left: 0px !important;padding-top: 0px !important;padding-right: 0px !important;padding-bottom: 0px !important;padding-left: 0px !important;background-image: url(http:\/\/blackmountainvillage.com\/wp-content\/uploads\/2023\/06\/3580797-diaporama.jpg?id=1362) !important;background-position: center !important;background-repeat: no-repeat !important;background-size: cover !important;}&#8221; offset=&#8221;vc_col-lg-3\/5 vc_col-md-3\/5 vc_col-xs-12&#8243;]<div class=\"sc_section margin_top_null margin_bottom_null aligncenter column-1_1\"><div class=\"sc_section_inner\"><div class=\"sc_section_content_wrap\"><div class=\"cq-imageoverlay2-container  \" data-elementheight=\"\" data-overlaycolor=\"#434A54\"  data-image=\"\" data-titlesize=\"4em\" data-contentsize=\"5em\" data-contentcolor=\"\" data-overlaystyle=\"darkgray\" data-elementmargin=\"0 0 0 0\"><a href=\"http:\/\/www.tourisme-montagnenoire.com\/decouvrir\/sources-du-canal-du-midi\/la-rigole-de-la-montagne\" title=\"\" target=\"\" class=\"cq-imageoverlay2-link\"><div class=\"cq-imageoverlay2\"><img decoding=\"async\" src=\"\" class=\"cq-imageoverlay2-img\" alt=\"\" \/><div class=\"text-container\"><h3 class=\"cq-imageoverlay2-title\"><i class=\"cq-imageoverlay2-icon fas fa-arrow-circle-right\"><\/i> En savoir plus<\/h3><\/div><div class=\"cq-imageoverlay2-background\"><\/div><\/div><\/a><\/div><\/div><\/div><\/div>[\/vc_column][vc_column width=&#8221;1\/2&#8243; offset=&#8221;vc_col-lg-2\/5 vc_col-md-2\/5 vc_col-xs-12&#8243; css=&#8221;.vc_custom_1687265773413{margin-top: 0px !important;margin-right: 0px !important;margin-bottom: 0px !important;margin-left: 0px !important;border-top-width: 0px !important;border-right-width: 0px !important;border-bottom-width: 0px !important;border-left-width: 0px !important;padding-top: 0px !important;padding-right: 0px !important;padding-bottom: 0px !important;padding-left: 0px !important;}&#8221;]<div class=\"sc_section margin_top_null margin_right_null margin_bottom_tiny margin_left_small\"><div class=\"sc_section_inner\"><div class=\"sc_section_content_wrap\"><h5 class=\"sc_title sc_title_regular margin_top_null margin_bottom_tiny\" style=\"top-margin: 0px;color:#dd9933;font-weight:700;font-size:2;\">RIGOLE DE LA MONTAGNE<\/h5>[vc_column_text]<span style=\"color: #003300;\">&#8211; Montagne noire &#8211;<\/span>[\/vc_column_text][vc_column_text]<\/p>\n<p class=\"rtecenter\"><span style=\"color: #993300;\">L\u2019ing\u00e9niosit\u00e9 de <strong>Pierre-Paul Riquet<\/strong>, sous <strong>Louis XIV<\/strong>, a permis de construire un ouvrage d\u2019alimentation exceptionnel pour le Canal du Midi et ainsi permettre \u00e0 celui-ci d\u2019\u00eatre fourni en eau continuellement. Arpentez la for\u00eat de la Montagne Noire en vous laissant guider par l\u2019eau !<\/span><\/p>\n<h6><span style=\"color: #0000ff;\">A 25 minutes de notre parc<\/span><\/h6>\n<p>[\/vc_column_text]<\/div><div class=\"sc_section_button sc_item_button\"><a href=\"http:\/\/www.tourisme-montagnenoire.com\/decouvrir\/sources-du-canal-du-midi\/la-rigole-de-la-montagne\" class=\"sc_button sc_button_square sc_button_style_filled sc_button_size_medium\">En savoir plus<\/a><\/div><\/div><\/div>[\/vc_column][\/vc_row][vc_row full_width=&#8221;stretch_row_content&#8221; content_placement=&#8221;middle&#8221; inverse=&#8221;&#8221; css=&#8221;.vc_custom_1686909889044{margin-top: 0px !important;margin-left: 0px !important;border-left-width: 0px !important;padding-top: 0px !important;padding-left: 0px !important;background-color: #c3e89b !important;}&#8221;][vc_column width=&#8221;1\/2&#8243; offset=&#8221;vc_col-lg-2\/5 vc_col-md-2\/5 vc_col-xs-12 vc_hidden-xs&#8221; css=&#8221;.vc_custom_1688057119352{margin-top: 0px !important;margin-right: 0px !important;margin-bottom: 0px !important;margin-left: 0px !important;border-top-width: 0px !important;border-right-width: 0px !important;border-bottom-width: 0px !important;border-left-width: 0px !important;padding-top: 0px !important;padding-right: 0px !important;padding-bottom: 0px !important;padding-left: 0px !important;}&#8221;]<div class=\"sc_section margin_top_null margin_right_small margin_bottom_tiny margin_left_tiny\"><div class=\"sc_section_inner\"><div class=\"sc_section_content_wrap\"><h5 class=\"sc_title sc_title_regular margin_top_null margin_bottom_tiny\" style=\"top-margin: 0px;color:#dd9933;font-weight:700;font-size:2;\">CH\u00c2TEAUX DE LASTOURS<\/h5>[vc_column_text]<span style=\"color: #003366;\">&#8211; Lastours &#8211;<\/span>[\/vc_column_text][vc_column_text]<\/p>\n<div class=\"elementor-element elementor-element-3bf2dd6 elementor-widget elementor-widget-text-editor\" data-id=\"3bf2dd6\" data-element_type=\"widget\" data-widget_type=\"text-editor.default\">\n<div class=\"elementor-widget-container\">\n<div class=\"elementor-text-editor elementor-clearfix\">\n<div class=\"elementor-element elementor-element-3bf2dd6 elementor-widget elementor-widget-text-editor\" data-id=\"3bf2dd6\" data-element_type=\"widget\" data-widget_type=\"text-editor.default\">\n<div class=\"elementor-widget-container\">\n<div class=\"elementor-text-editor elementor-clearfix\">\n<div class=\"elementor-element elementor-element-3bf2dd6 elementor-widget elementor-widget-text-editor\" data-id=\"3bf2dd6\" data-element_type=\"widget\" data-widget_type=\"text-editor.default\">\n<div class=\"elementor-widget-container\">\n<div class=\"elementor-text-editor elementor-clearfix\">\n<p><span style=\"color: #993300;\">Quatre forteresses royales s\u2019unissent sur la longue cr\u00eate aride qui domine le village de Lastours. Sur les versants, les vestiges du village m\u00e9di\u00e9val \u00e9mergent. Sur ce site unique en France, l\u2019histoire des hommes de l\u2019\u00e2ge du bronze croise celle des cathares, des villageois, des artisans, des \u00e9leveurs\u2026 tous cherchant protection sur cette puissante montagne.<\/span><\/p>\n<\/div>\n<\/div>\n<\/div>\n<h6><span style=\"color: #0000ff;\">A 25 minutes de notre parc<\/span><\/h6>\n<\/div>\n<\/div>\n<\/div>\n<\/div>\n<\/div>\n<\/div>\n<p>[\/vc_column_text]<\/div><div class=\"sc_section_button sc_item_button\"><a href=\"https:\/\/www.payscathare.org\/les-sites\/chateaux-de-lastours\" class=\"sc_button sc_button_square sc_button_style_filled sc_button_size_medium\">En savoir plus<\/a><\/div><\/div><\/div>[\/vc_column][vc_column width=&#8221;1\/2&#8243; css=&#8221;.vc_custom_1688062045407{margin-top: 0px !important;margin-right: 0px !important;margin-bottom: 0px !important;margin-left: 0px !important;padding-top: 0px !important;padding-right: 0px !important;padding-bottom: 0px !important;padding-left: 0px !important;background-image: url(http:\/\/blackmountainvillage.com\/wp-content\/uploads\/2023\/06\/lastours-castles-1513172993.jpg?id=1356) !important;background-position: center !important;background-repeat: no-repeat !important;background-size: cover !important;}&#8221; offset=&#8221;vc_col-lg-3\/5 vc_col-md-3\/5 vc_col-xs-12 vc_hidden-xs&#8221;]<div class=\"sc_section margin_top_null margin_bottom_null aligncenter column-1_1\"><div class=\"sc_section_inner\"><div class=\"sc_section_content_wrap\"><div class=\"cq-imageoverlay2-container  \" data-elementheight=\"\" data-overlaycolor=\"#434A54\"  data-image=\"\" data-titlesize=\"4em\" data-contentsize=\"5em\" data-contentcolor=\"\" data-overlaystyle=\"darkgray\" data-elementmargin=\"0 0 0 0\"><a href=\"https:\/\/www.payscathare.org\/les-sites\/chateaux-de-lastours\" title=\"\" target=\"\" class=\"cq-imageoverlay2-link\"><div class=\"cq-imageoverlay2\"><img decoding=\"async\" src=\"\" class=\"cq-imageoverlay2-img\" alt=\"\" \/><div class=\"text-container\"><h3 class=\"cq-imageoverlay2-title\"><i class=\"cq-imageoverlay2-icon fas fa-arrow-circle-right\"><\/i> En savoir plus<\/h3><\/div><div class=\"cq-imageoverlay2-background\"><\/div><\/div><\/a><\/div><\/div><\/div><\/div>[\/vc_column][\/vc_row][vc_row full_width=&#8221;stretch_row_content&#8221; content_placement=&#8221;middle&#8221; inverse=&#8221;&#8221; css=&#8221;.vc_custom_1686909889044{margin-top: 0px !important;margin-left: 0px !important;border-left-width: 0px !important;padding-top: 0px !important;padding-left: 0px !important;background-color: #c3e89b !important;}&#8221;][vc_column width=&#8221;1\/2&#8243; css=&#8221;.vc_custom_1688062062540{margin-top: 0px !important;margin-right: 0px !important;margin-bottom: 0px !important;margin-left: 0px !important;padding-top: 0px !important;padding-right: 0px !important;padding-bottom: 0px !important;padding-left: 0px !important;background-image: url(http:\/\/blackmountainvillage.com\/wp-content\/uploads\/2023\/06\/lastours-castles-1513172993.jpg?id=1356) !important;background-position: center !important;background-repeat: no-repeat !important;background-size: cover !important;}&#8221; offset=&#8221;vc_col-lg-3\/5 vc_hidden-lg vc_col-md-3\/5 vc_hidden-md vc_hidden-sm vc_col-xs-12&#8243;]<div class=\"sc_section margin_top_null margin_bottom_null aligncenter column-1_1\"><div class=\"sc_section_inner\"><div class=\"sc_section_content_wrap\"><div class=\"cq-imageoverlay2-container  \" data-elementheight=\"\" data-overlaycolor=\"#434A54\"  data-image=\"\" data-titlesize=\"4em\" data-contentsize=\"5em\" data-contentcolor=\"\" data-overlaystyle=\"darkgray\" data-elementmargin=\"0 0 0 0\"><a href=\"https:\/\/www.payscathare.org\/les-sites\/chateaux-de-lastours\" title=\"\" target=\"\" class=\"cq-imageoverlay2-link\"><div class=\"cq-imageoverlay2\"><img decoding=\"async\" src=\"\" class=\"cq-imageoverlay2-img\" alt=\"\" \/><div class=\"text-container\"><h3 class=\"cq-imageoverlay2-title\"><i class=\"cq-imageoverlay2-icon fas fa-arrow-circle-right\"><\/i> En savoir plus<\/h3><\/div><div class=\"cq-imageoverlay2-background\"><\/div><\/div><\/a><\/div><\/div><\/div><\/div>[\/vc_column][vc_column width=&#8221;1\/2&#8243; offset=&#8221;vc_col-lg-2\/5 vc_hidden-lg vc_col-md-2\/5 vc_hidden-md vc_hidden-sm vc_col-xs-12&#8243; css=&#8221;.vc_custom_1688057106199{margin-top: 0px !important;margin-right: 0px !important;margin-bottom: 0px !important;margin-left: 0px !important;border-top-width: 0px !important;border-right-width: 0px !important;border-bottom-width: 0px !important;border-left-width: 0px !important;padding-top: 0px !important;padding-right: 0px !important;padding-bottom: 0px !important;padding-left: 0px !important;}&#8221;]<div class=\"sc_section margin_top_null margin_right_small margin_bottom_tiny margin_left_tiny\"><div class=\"sc_section_inner\"><div class=\"sc_section_content_wrap\"><h5 class=\"sc_title sc_title_regular margin_top_null margin_bottom_tiny\" style=\"top-margin: 0px;color:#dd9933;font-weight:700;font-size:2;\">CH\u00c2TEAUX DE LASTOURS<\/h5>[vc_column_text]<span style=\"color: #003366;\">&#8211; Lastours &#8211;<\/span>[\/vc_column_text][vc_column_text]<\/p>\n<div class=\"elementor-element elementor-element-3bf2dd6 elementor-widget elementor-widget-text-editor\" data-id=\"3bf2dd6\" data-element_type=\"widget\" data-widget_type=\"text-editor.default\">\n<div class=\"elementor-widget-container\">\n<div class=\"elementor-text-editor elementor-clearfix\">\n<div class=\"elementor-element elementor-element-3bf2dd6 elementor-widget elementor-widget-text-editor\" data-id=\"3bf2dd6\" data-element_type=\"widget\" data-widget_type=\"text-editor.default\">\n<div class=\"elementor-widget-container\">\n<div class=\"elementor-text-editor elementor-clearfix\">\n<div class=\"elementor-element elementor-element-3bf2dd6 elementor-widget elementor-widget-text-editor\" data-id=\"3bf2dd6\" data-element_type=\"widget\" data-widget_type=\"text-editor.default\">\n<div class=\"elementor-widget-container\">\n<div class=\"elementor-text-editor elementor-clearfix\">\n<p><span style=\"color: #993300;\">Quatre forteresses royales s\u2019unissent sur la longue cr\u00eate aride qui domine le village de Lastours. Sur les versants, les vestiges du village m\u00e9di\u00e9val \u00e9mergent. Sur ce site unique en France, l\u2019histoire des hommes de l\u2019\u00e2ge du bronze croise celle des cathares, des villageois, des artisans, des \u00e9leveurs\u2026 tous cherchant protection sur cette puissante montagne.<\/span><\/p>\n<\/div>\n<\/div>\n<\/div>\n<h6><span style=\"color: #0000ff;\">A 25 minutes de notre parc<\/span><\/h6>\n<\/div>\n<\/div>\n<\/div>\n<\/div>\n<\/div>\n<\/div>\n<p>[\/vc_column_text]<\/div><div class=\"sc_section_button sc_item_button\"><a href=\"https:\/\/www.payscathare.org\/les-sites\/chateaux-de-lastours\" class=\"sc_button sc_button_square sc_button_style_filled sc_button_size_medium\">En savoir plus<\/a><\/div><\/div><\/div>[\/vc_column][\/vc_row][vc_row full_width=&#8221;stretch_row_content&#8221; equal_height=&#8221;yes&#8221; content_placement=&#8221;middle&#8221; inverse=&#8221;&#8221; css=&#8221;.vc_custom_1687266275110{margin-top: 0px !important;margin-bottom: 0px !important;margin-left: 0px !important;border-left-width: 0px !important;padding-top: 0px !important;padding-bottom: 0px !important;padding-left: 0px !important;background-color: #c3e89b !important;}&#8221;][vc_column width=&#8221;1\/2&#8243; css=&#8221;.vc_custom_1688062426108{margin-top: 0px !important;margin-right: 0px !important;margin-bottom: 0px !important;margin-left: 0px !important;padding-top: 0px !important;padding-right: 0px !important;padding-bottom: 0px !important;padding-left: 0px !important;background-image: url(http:\/\/blackmountainvillage.com\/wp-content\/uploads\/2023\/06\/cite-de-carcassonne-vue-depuis-le-pont-vieux1507015783.jpg?id=1359) !important;background-position: center !important;background-repeat: no-repeat !important;background-size: cover !important;}&#8221; offset=&#8221;vc_col-lg-3\/5 vc_col-md-3\/5 vc_col-xs-12&#8243;]<div class=\"sc_section margin_top_null margin_bottom_null aligncenter column-1_1\"><div class=\"sc_section_inner\"><div class=\"sc_section_content_wrap\"><div class=\"cq-imageoverlay2-container  \" data-elementheight=\"\" data-overlaycolor=\"#434A54\"  data-image=\"\" data-titlesize=\"4em\" data-contentsize=\"5em\" data-contentcolor=\"\" data-overlaystyle=\"darkgray\" data-elementmargin=\"0 0 0 0\"><a href=\"https:\/\/www.audetourisme.com\/fr\/experiences\/carcassonne-entre-chateau-et-ruelles\/\" title=\"\" target=\"\" class=\"cq-imageoverlay2-link\"><div class=\"cq-imageoverlay2\"><img decoding=\"async\" src=\"\" class=\"cq-imageoverlay2-img\" alt=\"\" \/><div class=\"text-container\"><h3 class=\"cq-imageoverlay2-title\"><i class=\"cq-imageoverlay2-icon fas fa-arrow-circle-right\"><\/i> En savoir plus<\/h3><\/div><div class=\"cq-imageoverlay2-background\"><\/div><\/div><\/a><\/div><\/div><\/div><\/div>[\/vc_column][vc_column width=&#8221;1\/2&#8243; offset=&#8221;vc_col-lg-2\/5 vc_col-md-2\/5 vc_col-xs-12&#8243; css=&#8221;.vc_custom_1687265773413{margin-top: 0px !important;margin-right: 0px !important;margin-bottom: 0px !important;margin-left: 0px !important;border-top-width: 0px !important;border-right-width: 0px !important;border-bottom-width: 0px !important;border-left-width: 0px !important;padding-top: 0px !important;padding-right: 0px !important;padding-bottom: 0px !important;padding-left: 0px !important;}&#8221;]<div class=\"sc_section margin_top_null margin_right_null margin_bottom_tiny margin_left_small\"><div class=\"sc_section_inner\"><div class=\"sc_section_content_wrap\"><h5 class=\"sc_title sc_title_regular margin_top_null margin_bottom_tiny\" style=\"top-margin: 0px;color:#dd9933;font-weight:700;font-size:2;\">LE CH\u00c2TEAU DE CARCASSONNE<\/h5>[vc_column_text]<span style=\"color: #003300;\">&#8211; Carcassonne &#8211;<\/span>[\/vc_column_text][vc_column_text]<span style=\"color: #993300;\">Laissez votre imagination s\u2019envoler dans les tours du ch\u00e2teau, perdez-vous dans les ruelles moyen\u00e2geuses, dominez le monde du haut des murailles, et d\u00e9tendez-vous \u00e0 une terrasse en sirotant un petit verre. Parce que Carcassonne c\u2019est tout \u00e7a \u00e0 la fois !<\/span><\/p>\n<h6><span style=\"color: #0000ff;\">A 30 minutes de notre parc<\/span><\/h6>\n<p>[\/vc_column_text]<\/div><div class=\"sc_section_button sc_item_button\"><a href=\"https:\/\/www.audetourisme.com\/fr\/experiences\/carcassonne-entre-chateau-et-ruelles\/\" class=\"sc_button sc_button_square sc_button_style_filled sc_button_size_medium\">En savoir plus<\/a><\/div><\/div><\/div>[\/vc_column][\/vc_row][vc_row full_width=&#8221;stretch_row_content&#8221; content_placement=&#8221;middle&#8221; inverse=&#8221;&#8221; css=&#8221;.vc_custom_1686909889044{margin-top: 0px !important;margin-left: 0px !important;border-left-width: 0px !important;padding-top: 0px !important;padding-left: 0px !important;background-color: #c3e89b !important;}&#8221;][vc_column width=&#8221;1\/2&#8243; offset=&#8221;vc_col-lg-2\/5 vc_col-md-2\/5 vc_col-xs-12 vc_hidden-xs&#8221; css=&#8221;.vc_custom_1688057119352{margin-top: 0px !important;margin-right: 0px !important;margin-bottom: 0px !important;margin-left: 0px !important;border-top-width: 0px !important;border-right-width: 0px !important;border-bottom-width: 0px !important;border-left-width: 0px !important;padding-top: 0px !important;padding-right: 0px !important;padding-bottom: 0px !important;padding-left: 0px !important;}&#8221;]<div class=\"sc_section margin_top_null margin_right_small margin_bottom_tiny margin_left_tiny\"><div class=\"sc_section_inner\"><div class=\"sc_section_content_wrap\"><h5 class=\"sc_title sc_title_regular margin_top_null margin_bottom_tiny\" style=\"top-margin: 0px;color:#dd9933;font-weight:700;font-size:2;\">LE GOUFFRE DE CABRESPINE<\/h5>[vc_column_text]<span style=\"color: #003366;\">&#8211; Cabrespine &#8211;<\/span>[\/vc_column_text][vc_column_text]<\/p>\n<div class=\"elementor-element elementor-element-3bf2dd6 elementor-widget elementor-widget-text-editor\" data-id=\"3bf2dd6\" data-element_type=\"widget\" data-widget_type=\"text-editor.default\">\n<div class=\"elementor-widget-container\">\n<div class=\"elementor-text-editor elementor-clearfix\">\n<div class=\"elementor-element elementor-element-3bf2dd6 elementor-widget elementor-widget-text-editor\" data-id=\"3bf2dd6\" data-element_type=\"widget\" data-widget_type=\"text-editor.default\">\n<div class=\"elementor-widget-container\">\n<div class=\"elementor-text-editor elementor-clearfix\">\n<div class=\"elementor-element elementor-element-3bf2dd6 elementor-widget elementor-widget-text-editor\" data-id=\"3bf2dd6\" data-element_type=\"widget\" data-widget_type=\"text-editor.default\">\n<div class=\"elementor-widget-container\">\n<div class=\"elementor-text-editor elementor-clearfix\">\n<p><span style=\"color: #993300;\">Le Gouffre G\u00e9ant de Cabrespine est une exp\u00e9rience hors du commun\u00a0! 80 m\u00e8tres de large pour 250 m\u00e8tres de profondeur. Blocs min\u00e9raux et fines dentelles, un pur chef d\u2019oeuvre de la nature. Embarquez dans une \u00e9pop\u00e9e vertigineuse au coeur d\u2019un feu d\u2019artifice d\u2019aragonites.<\/span><\/p>\n<h6><span style=\"color: #0000ff;\">A 35 minutes de notre parc<\/span><\/h6>\n<\/div>\n<\/div>\n<\/div>\n<\/div>\n<\/div>\n<\/div>\n<\/div>\n<\/div>\n<\/div>\n<p>[\/vc_column_text]<\/div><div class=\"sc_section_button sc_item_button\"><a href=\"https:\/\/www.audetourisme.com\/fr\/experiences\/cabrespine-le-gouffre-geant\/\" class=\"sc_button sc_button_square sc_button_style_filled sc_button_size_medium\">En savoir plus<\/a><\/div><\/div><\/div>[\/vc_column][vc_column width=&#8221;1\/2&#8243; css=&#8221;.vc_custom_1688062683179{margin-top: 0px !important;margin-right: 0px !important;margin-bottom: 0px !important;margin-left: 0px !important;padding-top: 0px !important;padding-right: 0px !important;padding-bottom: 0px !important;padding-left: 0px !important;background-image: url(http:\/\/blackmountainvillage.com\/wp-content\/uploads\/2023\/06\/Gouffre-geant-de-Cabrespine-Cabrespine-17.jpg?id=1361) !important;background-position: center !important;background-repeat: no-repeat !important;background-size: cover !important;}&#8221; offset=&#8221;vc_col-lg-3\/5 vc_col-md-3\/5 vc_col-xs-12 vc_hidden-xs&#8221;]<div class=\"sc_section margin_top_null margin_bottom_null aligncenter column-1_1\"><div class=\"sc_section_inner\"><div class=\"sc_section_content_wrap\"><div class=\"cq-imageoverlay2-container  \" data-elementheight=\"\" data-overlaycolor=\"#434A54\"  data-image=\"\" data-titlesize=\"4em\" data-contentsize=\"5em\" data-contentcolor=\"\" data-overlaystyle=\"darkgray\" data-elementmargin=\"0 0 0 0\"><a href=\"https:\/\/www.audetourisme.com\/fr\/experiences\/cabrespine-le-gouffre-geant\/\" title=\"\" target=\"\" class=\"cq-imageoverlay2-link\"><div class=\"cq-imageoverlay2\"><img decoding=\"async\" src=\"\" class=\"cq-imageoverlay2-img\" alt=\"\" \/><div class=\"text-container\"><h3 class=\"cq-imageoverlay2-title\"><i class=\"cq-imageoverlay2-icon fas fa-arrow-circle-right\"><\/i> En savoir plus<\/h3><\/div><div class=\"cq-imageoverlay2-background\"><\/div><\/div><\/a><\/div><\/div><\/div><\/div>[\/vc_column][\/vc_row][vc_row full_width=&#8221;stretch_row_content&#8221; content_placement=&#8221;middle&#8221; inverse=&#8221;&#8221; css=&#8221;.vc_custom_1686909889044{margin-top: 0px !important;margin-left: 0px !important;border-left-width: 0px !important;padding-top: 0px !important;padding-left: 0px !important;background-color: #c3e89b !important;}&#8221;][vc_column width=&#8221;1\/2&#8243; css=&#8221;.vc_custom_1688062698949{margin-top: 0px !important;margin-right: 0px !important;margin-bottom: 0px !important;margin-left: 0px !important;padding-top: 0px !important;padding-right: 0px !important;padding-bottom: 0px !important;padding-left: 0px !important;background-image: url(http:\/\/blackmountainvillage.com\/wp-content\/uploads\/2023\/06\/Gouffre-geant-de-Cabrespine-Cabrespine-17.jpg?id=1361) !important;background-position: center !important;background-repeat: no-repeat !important;background-size: cover !important;}&#8221; offset=&#8221;vc_col-lg-3\/5 vc_hidden-lg vc_col-md-3\/5 vc_hidden-md vc_hidden-sm vc_col-xs-12&#8243;]<div class=\"sc_section margin_top_null margin_bottom_null aligncenter column-1_1\"><div class=\"sc_section_inner\"><div class=\"sc_section_content_wrap\"><div class=\"cq-imageoverlay2-container  \" data-elementheight=\"\" data-overlaycolor=\"#434A54\"  data-image=\"\" data-titlesize=\"4em\" data-contentsize=\"5em\" data-contentcolor=\"\" data-overlaystyle=\"darkgray\" data-elementmargin=\"0 0 0 0\"><a href=\"https:\/\/www.audetourisme.com\/fr\/experiences\/cabrespine-le-gouffre-geant\/\" title=\"\" target=\"\" class=\"cq-imageoverlay2-link\"><div class=\"cq-imageoverlay2\"><img decoding=\"async\" src=\"\" class=\"cq-imageoverlay2-img\" alt=\"\" \/><div class=\"text-container\"><h3 class=\"cq-imageoverlay2-title\"><i class=\"cq-imageoverlay2-icon fas fa-arrow-circle-right\"><\/i> En savoir plus<\/h3><\/div><div class=\"cq-imageoverlay2-background\"><\/div><\/div><\/a><\/div><\/div><\/div><\/div>[\/vc_column][vc_column width=&#8221;1\/2&#8243; offset=&#8221;vc_col-lg-2\/5 vc_hidden-lg vc_col-md-2\/5 vc_hidden-md vc_hidden-sm vc_col-xs-12&#8243; css=&#8221;.vc_custom_1688057106199{margin-top: 0px !important;margin-right: 0px !important;margin-bottom: 0px !important;margin-left: 0px !important;border-top-width: 0px !important;border-right-width: 0px !important;border-bottom-width: 0px !important;border-left-width: 0px !important;padding-top: 0px !important;padding-right: 0px !important;padding-bottom: 0px !important;padding-left: 0px !important;}&#8221;]<div class=\"sc_section margin_top_null margin_right_small margin_bottom_tiny margin_left_tiny\"><div class=\"sc_section_inner\"><div class=\"sc_section_content_wrap\"><h5 class=\"sc_title sc_title_regular margin_top_null margin_bottom_tiny\" style=\"top-margin: 0px;color:#dd9933;font-weight:700;font-size:2;\">LE GOUFFRE DE CABESPRINE<\/h5>[vc_column_text]<span style=\"color: #003366;\">&#8211; Cabrespine &#8211;<\/span>[\/vc_column_text][vc_column_text]<\/p>\n<div class=\"elementor-element elementor-element-3bf2dd6 elementor-widget elementor-widget-text-editor\" data-id=\"3bf2dd6\" data-element_type=\"widget\" data-widget_type=\"text-editor.default\">\n<div class=\"elementor-widget-container\">\n<div class=\"elementor-text-editor elementor-clearfix\">\n<div class=\"elementor-element elementor-element-3bf2dd6 elementor-widget elementor-widget-text-editor\" data-id=\"3bf2dd6\" data-element_type=\"widget\" data-widget_type=\"text-editor.default\">\n<div class=\"elementor-widget-container\">\n<div class=\"elementor-text-editor elementor-clearfix\">\n<div class=\"elementor-element elementor-element-3bf2dd6 elementor-widget elementor-widget-text-editor\" data-id=\"3bf2dd6\" data-element_type=\"widget\" data-widget_type=\"text-editor.default\">\n<div class=\"elementor-widget-container\">\n<div class=\"elementor-text-editor elementor-clearfix\">\n<p><span style=\"color: #993300;\">Le Gouffre G\u00e9ant de Cabrespine est une exp\u00e9rience hors du commun\u00a0! 80 m\u00e8tres de large pour 250 m\u00e8tres de profondeur. Blocs min\u00e9raux et fines dentelles, un pur chef d\u2019oeuvre de la nature. Embarquez dans une \u00e9pop\u00e9e vertigineuse au coeur d\u2019un feu d\u2019artifice d\u2019aragonites.<\/span><\/p>\n<h6><span style=\"color: #0000ff;\">A 35 minutes de notre parc<\/span><\/h6>\n<\/div>\n<\/div>\n<\/div>\n<\/div>\n<\/div>\n<\/div>\n<\/div>\n<\/div>\n<\/div>\n<p>[\/vc_column_text]<\/div><div class=\"sc_section_button sc_item_button\"><a href=\"https:\/\/www.audetourisme.com\/fr\/experiences\/cabrespine-le-gouffre-geant\/\" class=\"sc_button sc_button_square sc_button_style_filled sc_button_size_medium\">En savoir plus<\/a><\/div><\/div><\/div>[\/vc_column][\/vc_row][vc_row full_width=&#8221;stretch_row_content&#8221; equal_height=&#8221;yes&#8221; content_placement=&#8221;middle&#8221; inverse=&#8221;&#8221; css=&#8221;.vc_custom_1687266275110{margin-top: 0px !important;margin-bottom: 0px !important;margin-left: 0px !important;border-left-width: 0px !important;padding-top: 0px !important;padding-bottom: 0px !important;padding-left: 0px !important;background-color: #c3e89b !important;}&#8221;][vc_column width=&#8221;1\/2&#8243; css=&#8221;.vc_custom_1689760005467{margin-top: 0px !important;margin-right: 0px !important;margin-bottom: 0px !important;margin-left: 0px !important;padding-top: 0px !important;padding-right: 0px !important;padding-bottom: 0px !important;padding-left: 0px !important;background-image: url(https:\/\/blackmountainvillage.com\/wp-content\/uploads\/2023\/07\/GOPR0549-scaled-1.jpeg?id=1434) !important;background-position: center !important;background-repeat: no-repeat !important;background-size: cover !important;}&#8221; offset=&#8221;vc_col-lg-3\/5 vc_col-md-3\/5 vc_col-xs-12&#8243;]<div class=\"sc_section margin_top_null margin_bottom_null aligncenter column-1_1\"><div class=\"sc_section_inner\"><div class=\"sc_section_content_wrap\"><div class=\"cq-imageoverlay2-container  \" data-elementheight=\"\" data-overlaycolor=\"#434A54\"  data-image=\"\" data-titlesize=\"4em\" data-contentsize=\"5em\" data-contentcolor=\"\" data-overlaystyle=\"darkgray\" data-elementmargin=\"0 0 0 0\"><a href=\"https:\/\/www.axecime-canyon.com\/\" title=\"\" target=\"\" class=\"cq-imageoverlay2-link\"><div class=\"cq-imageoverlay2\"><img decoding=\"async\" src=\"\" class=\"cq-imageoverlay2-img\" alt=\"\" \/><div class=\"text-container\"><h3 class=\"cq-imageoverlay2-title\"><i class=\"cq-imageoverlay2-icon fas fa-arrow-circle-right\"><\/i> En savoir plus<\/h3><\/div><div class=\"cq-imageoverlay2-background\"><\/div><\/div><\/a><\/div><\/div><\/div><\/div>[\/vc_column][vc_column width=&#8221;1\/2&#8243; offset=&#8221;vc_col-lg-2\/5 vc_col-md-2\/5 vc_col-xs-12&#8243; css=&#8221;.vc_custom_1687265773413{margin-top: 0px !important;margin-right: 0px !important;margin-bottom: 0px !important;margin-left: 0px !important;border-top-width: 0px !important;border-right-width: 0px !important;border-bottom-width: 0px !important;border-left-width: 0px !important;padding-top: 0px !important;padding-right: 0px !important;padding-bottom: 0px !important;padding-left: 0px !important;}&#8221;]<div class=\"sc_section margin_top_null margin_right_null margin_bottom_tiny margin_left_small\"><div class=\"sc_section_inner\"><div class=\"sc_section_content_wrap\"><h5 class=\"sc_title sc_title_regular margin_top_null margin_bottom_tiny\" style=\"top-margin: 0px;color:#dd9933;font-weight:700;font-size:2;\">CANYON, ESCALADE, VIA FERRATA<\/h5>[vc_column_text]<span style=\"color: #003300;\">&#8211; Labruguiere &#8211;<\/span>[\/vc_column_text][vc_column_text]<span style=\"color: #993300;\"><em><strong>Ax\u00e9cime<\/strong> <\/em>vous propose de d\u00e9couvrir, par diff\u00e9rentes formules, les activit\u00e9s que sont le canyoning, la randonn\u00e9e-aquatique, l&#8217;escalade, la via ferrata et le parcours Roc-aventure de mani\u00e8re ludique et s\u00e9curis\u00e9e, dans un milieu naturel et pr\u00e9serv\u00e9.<\/span><\/p>\n<h6><span style=\"color: #0000ff;\">A 20 minutes de notre parc<\/span><\/h6>\n<p>[\/vc_column_text]<\/div><div class=\"sc_section_button sc_item_button\"><a href=\"https:\/\/www.audetourisme.com\/fr\/experiences\/carcassonne-entre-chateau-et-ruelles\/\" class=\"sc_button sc_button_square sc_button_style_filled sc_button_size_medium\">En savoir plus<\/a><\/div><\/div><\/div>[\/vc_column][\/vc_row][vc_row full_width=&#8221;stretch_row_content&#8221; content_placement=&#8221;middle&#8221; inverse=&#8221;&#8221; css=&#8221;.vc_custom_1686909889044{margin-top: 0px !important;margin-left: 0px !important;border-left-width: 0px !important;padding-top: 0px !important;padding-left: 0px !important;background-color: #c3e89b !important;}&#8221;][vc_column width=&#8221;1\/2&#8243; offset=&#8221;vc_col-lg-2\/5 vc_col-md-2\/5 vc_col-xs-12 vc_hidden-xs&#8221; css=&#8221;.vc_custom_1688057119352{margin-top: 0px !important;margin-right: 0px !important;margin-bottom: 0px !important;margin-left: 0px !important;border-top-width: 0px !important;border-right-width: 0px !important;border-bottom-width: 0px !important;border-left-width: 0px !important;padding-top: 0px !important;padding-right: 0px !important;padding-bottom: 0px !important;padding-left: 0px !important;}&#8221;]<div class=\"sc_section margin_top_null margin_right_small margin_bottom_tiny margin_left_tiny\"><div class=\"sc_section_inner\"><div class=\"sc_section_content_wrap\"><h5 class=\"sc_title sc_title_regular margin_top_null margin_bottom_tiny\" style=\"top-margin: 0px;color:#dd9933;font-weight:700;font-size:2;\">LE CH\u00c2TEAU DE PENNAUTIER<\/h5>[vc_column_text]<span style=\"color: #003366;\">&#8211; Pennautier &#8211;<\/span>[\/vc_column_text][vc_column_text]<\/p>\n<div class=\"elementor-element elementor-element-3bf2dd6 elementor-widget elementor-widget-text-editor\" data-id=\"3bf2dd6\" data-element_type=\"widget\" data-widget_type=\"text-editor.default\">\n<div class=\"elementor-widget-container\">\n<div class=\"elementor-text-editor elementor-clearfix\">\n<div class=\"elementor-element elementor-element-3bf2dd6 elementor-widget elementor-widget-text-editor\" data-id=\"3bf2dd6\" data-element_type=\"widget\" data-widget_type=\"text-editor.default\">\n<div class=\"elementor-widget-container\">\n<div class=\"elementor-text-editor elementor-clearfix\">\n<div class=\"elementor-element elementor-element-3bf2dd6 elementor-widget elementor-widget-text-editor\" data-id=\"3bf2dd6\" data-element_type=\"widget\" data-widget_type=\"text-editor.default\">\n<div class=\"elementor-widget-container\">\n<div class=\"elementor-text-editor elementor-clearfix\">\n<p><span style=\"color: #993300;\">A 10 minutes en voiture des tours de la Cit\u00e9 de Carcassonne, le ch\u00e2teau de Pennautier, petit Versailles en Languedoc constitue une \u00e9tape singuli\u00e8re. Une journ\u00e9e inoubliable pour d\u00e9couvrir un chef d\u2019\u0153uvre du patrimoine historique. Les papilles seront \u00e9galement mises \u00e0 l\u2019honneur\u2026<\/span><\/p>\n<h6><span style=\"color: #0000ff;\">A 20 minutes de notre parc<\/span><\/h6>\n<\/div>\n<\/div>\n<\/div>\n<\/div>\n<\/div>\n<\/div>\n<\/div>\n<\/div>\n<\/div>\n<p>[\/vc_column_text]<\/div><div class=\"sc_section_button sc_item_button\"><a href=\"https:\/\/www.audetourisme.com\/fr\/experiences\/cabrespine-le-gouffre-geant\/\" class=\"sc_button sc_button_square sc_button_style_filled sc_button_size_medium\">En savoir plus<\/a><\/div><\/div><\/div>[\/vc_column][vc_column width=&#8221;1\/2&#8243; css=&#8221;.vc_custom_1689760381453{margin-top: 0px !important;margin-right: 0px !important;margin-bottom: 0px !important;margin-left: 0px !important;padding-top: 0px !important;padding-right: 0px !important;padding-bottom: 0px !important;padding-left: 0px !important;background-image: url(https:\/\/blackmountainvillage.com\/wp-content\/uploads\/2023\/07\/chateau-de-pennautier_chateau-de-pennautier-1.jpeg?id=1436) !important;background-position: center !important;background-repeat: no-repeat !important;background-size: cover !important;}&#8221; offset=&#8221;vc_col-lg-3\/5 vc_col-md-3\/5 vc_col-xs-12 vc_hidden-xs&#8221;]<div class=\"sc_section margin_top_null margin_bottom_null aligncenter column-1_1\"><div class=\"sc_section_inner\"><div class=\"sc_section_content_wrap\"><div class=\"cq-imageoverlay2-container  \" data-elementheight=\"\" data-overlaycolor=\"#434A54\"  data-image=\"\" data-titlesize=\"4em\" data-contentsize=\"5em\" data-contentcolor=\"\" data-overlaystyle=\"darkgray\" data-elementmargin=\"0 0 0 0\"><a href=\"https:\/\/www.audetourisme.com\/fr\/experiences\/chateau-de-pennautier-airs-de-versailles\/\" title=\"\" target=\"\" class=\"cq-imageoverlay2-link\"><div class=\"cq-imageoverlay2\"><img decoding=\"async\" src=\"\" class=\"cq-imageoverlay2-img\" alt=\"\" \/><div class=\"text-container\"><h3 class=\"cq-imageoverlay2-title\"><i class=\"cq-imageoverlay2-icon fas fa-arrow-circle-right\"><\/i> En savoir plus<\/h3><\/div><div class=\"cq-imageoverlay2-background\"><\/div><\/div><\/a><\/div><\/div><\/div><\/div>[\/vc_column][\/vc_row][vc_row full_width=&#8221;stretch_row_content&#8221; content_placement=&#8221;middle&#8221; inverse=&#8221;&#8221; css=&#8221;.vc_custom_1686909889044{margin-top: 0px !important;margin-left: 0px !important;border-left-width: 0px !important;padding-top: 0px !important;padding-left: 0px !important;background-color: #c3e89b !important;}&#8221;][vc_column width=&#8221;1\/2&#8243; css=&#8221;.vc_custom_1689760521952{margin-top: 0px !important;margin-right: 0px !important;margin-bottom: 0px !important;margin-left: 0px !important;padding-top: 0px !important;padding-right: 0px !important;padding-bottom: 0px !important;padding-left: 0px !important;background-image: url(https:\/\/blackmountainvillage.com\/wp-content\/uploads\/2023\/07\/chateau-de-pennautier_chateau-de-pennautier-1.jpeg?id=1436) !important;background-position: center !important;background-repeat: no-repeat !important;background-size: cover !important;}&#8221; offset=&#8221;vc_col-lg-3\/5 vc_hidden-lg vc_col-md-3\/5 vc_hidden-md vc_hidden-sm vc_col-xs-12&#8243;]<div class=\"sc_section margin_top_null margin_bottom_null aligncenter column-1_1\"><div class=\"sc_section_inner\"><div class=\"sc_section_content_wrap\"><div class=\"cq-imageoverlay2-container  \" data-elementheight=\"\" data-overlaycolor=\"#434A54\"  data-image=\"\" data-titlesize=\"4em\" data-contentsize=\"5em\" data-contentcolor=\"\" data-overlaystyle=\"darkgray\" data-elementmargin=\"0 0 0 0\"><a href=\"https:\/\/www.audetourisme.com\/fr\/experiences\/chateau-de-pennautier-airs-de-versailles\/\" title=\"\" target=\"\" class=\"cq-imageoverlay2-link\"><div class=\"cq-imageoverlay2\"><img decoding=\"async\" src=\"\" class=\"cq-imageoverlay2-img\" alt=\"\" \/><div class=\"text-container\"><h3 class=\"cq-imageoverlay2-title\"><i class=\"cq-imageoverlay2-icon fas fa-arrow-circle-right\"><\/i> En savoir plus<\/h3><\/div><div class=\"cq-imageoverlay2-background\"><\/div><\/div><\/a><\/div><\/div><\/div><\/div>[\/vc_column][vc_column width=&#8221;1\/2&#8243; offset=&#8221;vc_col-lg-2\/5 vc_hidden-lg vc_col-md-2\/5 vc_hidden-md vc_hidden-sm vc_col-xs-12&#8243; css=&#8221;.vc_custom_1689760537031{margin-top: 0px !important;margin-right: 0px !important;margin-bottom: 0px !important;margin-left: 0px !important;border-top-width: 0px !important;border-right-width: 0px !important;border-bottom-width: 0px !important;border-left-width: 0px !important;padding-top: 0px !important;padding-right: 0px !important;padding-bottom: 0px !important;padding-left: 0px !important;}&#8221;]<div class=\"sc_section margin_top_null margin_right_small margin_bottom_tiny margin_left_tiny\"><div class=\"sc_section_inner\"><div class=\"sc_section_content_wrap\"><h5 class=\"sc_title sc_title_regular margin_top_null margin_bottom_tiny\" style=\"top-margin: 0px;color:#dd9933;font-weight:700;font-size:2;\">LE CH\u00c2TEAU DE PENNAUTIER<\/h5>[vc_column_text]<span style=\"color: #003366;\">&#8211; Pennautier &#8211;<\/span>[\/vc_column_text][vc_column_text]<\/p>\n<div class=\"elementor-element elementor-element-3bf2dd6 elementor-widget elementor-widget-text-editor\" data-id=\"3bf2dd6\" data-element_type=\"widget\" data-widget_type=\"text-editor.default\">\n<div class=\"elementor-widget-container\">\n<div class=\"elementor-text-editor elementor-clearfix\">\n<div class=\"elementor-element elementor-element-3bf2dd6 elementor-widget elementor-widget-text-editor\" data-id=\"3bf2dd6\" data-element_type=\"widget\" data-widget_type=\"text-editor.default\">\n<div class=\"elementor-widget-container\">\n<div class=\"elementor-text-editor elementor-clearfix\">\n<div class=\"elementor-element elementor-element-3bf2dd6 elementor-widget elementor-widget-text-editor\" data-id=\"3bf2dd6\" data-element_type=\"widget\" data-widget_type=\"text-editor.default\">\n<div class=\"elementor-widget-container\">\n<div class=\"elementor-text-editor elementor-clearfix\">\n<p><span style=\"color: #993300;\">A 10 minutes en voiture des tours de la Cit\u00e9 de Carcassonne, le ch\u00e2teau de Pennautier, petit Versailles en Languedoc constitue une \u00e9tape singuli\u00e8re. Une journ\u00e9e inoubliable pour d\u00e9couvrir un chef d\u2019\u0153uvre du patrimoine historique. Les papilles seront \u00e9galement mises \u00e0 l\u2019honneur\u2026<\/span><\/p>\n<h6><span style=\"color: #0000ff;\">A 20 minutes de notre parc<\/span><\/h6>\n<\/div>\n<\/div>\n<\/div>\n<\/div>\n<\/div>\n<\/div>\n<\/div>\n<\/div>\n<\/div>\n<p>[\/vc_column_text]<\/div><div class=\"sc_section_button sc_item_button\"><a href=\"https:\/\/www.audetourisme.com\/fr\/experiences\/cabrespine-le-gouffre-geant\/\" class=\"sc_button sc_button_square sc_button_style_filled sc_button_size_medium\">En savoir plus<\/a><\/div><\/div><\/div>[\/vc_column][\/vc_row][vc_row full_width=&#8221;stretch_row_content&#8221; equal_height=&#8221;yes&#8221; content_placement=&#8221;middle&#8221; inverse=&#8221;&#8221; css=&#8221;.vc_custom_1687266275110{margin-top: 0px !important;margin-bottom: 0px !important;margin-left: 0px !important;border-left-width: 0px !important;padding-top: 0px !important;padding-bottom: 0px !important;padding-left: 0px !important;background-color: #c3e89b !important;}&#8221;][vc_column width=&#8221;1\/2&#8243; css=&#8221;.vc_custom_1689760700238{margin-top: 0px !important;margin-right: 0px !important;margin-bottom: 0px !important;margin-left: 0px !important;padding-top: 0px !important;padding-right: 0px !important;padding-bottom: 0px !important;padding-left: 0px !important;background-image: url(https:\/\/blackmountainvillage.com\/wp-content\/uploads\/2023\/07\/montolieu-2020-10-village-visite-panorama-cr-vincent-photographie-adt-aude-1.jpg?id=1438) !important;background-position: center !important;background-repeat: no-repeat !important;background-size: cover !important;}&#8221; offset=&#8221;vc_col-lg-3\/5 vc_col-md-3\/5 vc_col-xs-12&#8243;]<div class=\"sc_section margin_top_null margin_bottom_null aligncenter column-1_1\"><div class=\"sc_section_inner\"><div class=\"sc_section_content_wrap\"><div class=\"cq-imageoverlay2-container  \" data-elementheight=\"\" data-overlaycolor=\"#434A54\"  data-image=\"\" data-titlesize=\"4em\" data-contentsize=\"5em\" data-contentcolor=\"\" data-overlaystyle=\"darkgray\" data-elementmargin=\"0 0 0 0\"><a href=\"https:\/\/www.audetourisme.com\/en\/experiences\/montolieu-village-livre-et-arts\/\" title=\"\" target=\"\" class=\"cq-imageoverlay2-link\"><div class=\"cq-imageoverlay2\"><img decoding=\"async\" src=\"\" class=\"cq-imageoverlay2-img\" alt=\"\" \/><div class=\"text-container\"><h3 class=\"cq-imageoverlay2-title\"><i class=\"cq-imageoverlay2-icon fas fa-arrow-circle-right\"><\/i> En savoir plus<\/h3><\/div><div class=\"cq-imageoverlay2-background\"><\/div><\/div><\/a><\/div><\/div><\/div><\/div>[\/vc_column][vc_column width=&#8221;1\/2&#8243; offset=&#8221;vc_col-lg-2\/5 vc_col-md-2\/5 vc_col-xs-12&#8243; css=&#8221;.vc_custom_1687265773413{margin-top: 0px !important;margin-right: 0px !important;margin-bottom: 0px !important;margin-left: 0px !important;border-top-width: 0px !important;border-right-width: 0px !important;border-bottom-width: 0px !important;border-left-width: 0px !important;padding-top: 0px !important;padding-right: 0px !important;padding-bottom: 0px !important;padding-left: 0px !important;}&#8221;]<div class=\"sc_section margin_top_null margin_right_null margin_bottom_tiny margin_left_small\"><div class=\"sc_section_inner\"><div class=\"sc_section_content_wrap\"><h5 class=\"sc_title sc_title_regular margin_top_null margin_bottom_tiny\" style=\"top-margin: 0px;color:#dd9933;font-weight:700;font-size:2;\">VILLAGE DU LIVRE<\/h5>[vc_column_text]<span style=\"color: #003300;\">&#8211; MONTOLIEU &#8211;<\/span>[\/vc_column_text][vc_column_text]<span style=\"color: #993300;\">Au village du livre, la culture est partout. \u00c0 Montolieu, les bouquinistes rec\u00e8lent des p\u00e9pites de collection\u2026 L\u2019exposition d\u2019art contemporain C\u00e9r\u00e8s Franco est hors normes et sans tabous\u2026 Ici, les cr\u00e9ateurs exposent leurs \u0153uvres \u00e0 m\u00eame la rue\u2026 Mais en r\u00e9alit\u00e9, c\u2019est dans l\u2019art de vivre qu\u2019ils excellent, surtout. Artistes (ou pas), vous \u00eates les bienvenus\u00a0!<\/span><\/p>\n<h6><span style=\"color: #0000ff;\">A 25 minutes de notre parc<\/span><\/h6>\n<p>[\/vc_column_text]<\/div><div class=\"sc_section_button sc_item_button\"><a href=\"https:\/\/www.audetourisme.com\/fr\/experiences\/carcassonne-entre-chateau-et-ruelles\/\" class=\"sc_button sc_button_square sc_button_style_filled sc_button_size_medium\">En savoir plus<\/a><\/div><\/div><\/div>[\/vc_column][\/vc_row][vc_row full_width=&#8221;stretch_row_content&#8221; content_placement=&#8221;middle&#8221; inverse=&#8221;&#8221; css=&#8221;.vc_custom_1686909889044{margin-top: 0px !important;margin-left: 0px !important;border-left-width: 0px !important;padding-top: 0px !important;padding-left: 0px !important;background-color: #c3e89b !important;}&#8221;][vc_column width=&#8221;1\/2&#8243; offset=&#8221;vc_col-lg-2\/5 vc_col-md-2\/5 vc_col-xs-12 vc_hidden-xs&#8221; css=&#8221;.vc_custom_1688057119352{margin-top: 0px !important;margin-right: 0px !important;margin-bottom: 0px !important;margin-left: 0px !important;border-top-width: 0px !important;border-right-width: 0px !important;border-bottom-width: 0px !important;border-left-width: 0px !important;padding-top: 0px !important;padding-right: 0px !important;padding-bottom: 0px !important;padding-left: 0px !important;}&#8221;]<div class=\"sc_section margin_top_null margin_right_small margin_bottom_tiny margin_left_tiny\"><div class=\"sc_section_inner\"><div class=\"sc_section_content_wrap\"><h5 class=\"sc_title sc_title_regular margin_top_null margin_bottom_tiny\" style=\"top-margin: 0px;color:#dd9933;font-weight:700;font-size:2;\">CANAL DU MIDI<\/h5>[vc_column_text]<span style=\"color: #003366;\">&#8211; AUDE &#8211;<\/span>[\/vc_column_text][vc_column_text]<\/p>\n<div class=\"elementor-element elementor-element-3bf2dd6 elementor-widget elementor-widget-text-editor\" data-id=\"3bf2dd6\" data-element_type=\"widget\" data-widget_type=\"text-editor.default\">\n<div class=\"elementor-widget-container\">\n<div class=\"elementor-text-editor elementor-clearfix\">\n<div class=\"elementor-element elementor-element-3bf2dd6 elementor-widget elementor-widget-text-editor\" data-id=\"3bf2dd6\" data-element_type=\"widget\" data-widget_type=\"text-editor.default\">\n<div class=\"elementor-widget-container\">\n<div class=\"elementor-text-editor elementor-clearfix\">\n<div class=\"elementor-element elementor-element-3bf2dd6 elementor-widget elementor-widget-text-editor\" data-id=\"3bf2dd6\" data-element_type=\"widget\" data-widget_type=\"text-editor.default\">\n<div class=\"elementor-widget-container\">\n<div class=\"elementor-text-editor elementor-clearfix\">\n<p><span style=\"color: #993300;\">Le canal du Midi traverse le d\u00e9partement de l\u2019Aude d\u2019ouest en est, des plaines du Lauragais, au littoral m\u00e9diterran\u00e9en, en passant par Castelnaudary, Carcassonne, Narbonne. Aliment\u00e9 par un syst\u00e8me tr\u00e8s sophistiqu\u00e9, il pr\u00e9sente\u00a0<strong>les plus anciennes inventions en termes de ma\u00eetrise hydraulique<\/strong>\u00a0et d\u2019ouvrages d\u2019art\u00a0: \u00e9cluses, ponts, aqueducs, \u00e9panchoirs \u2026 dont certains n\u2019ont pas \u00e9t\u00e9 modifi\u00e9s depuis leur origine.<\/span><\/p>\n<h6><span style=\"color: #0000ff;\">A 30 minutes de notre parc<\/span><\/h6>\n<\/div>\n<\/div>\n<\/div>\n<\/div>\n<\/div>\n<\/div>\n<\/div>\n<\/div>\n<\/div>\n<p>[\/vc_column_text]<\/div><div class=\"sc_section_button sc_item_button\"><a href=\"https:\/\/www.audetourisme.com\/fr\/experiences\/cabrespine-le-gouffre-geant\/\" class=\"sc_button sc_button_square sc_button_style_filled sc_button_size_medium\">En savoir plus<\/a><\/div><\/div><\/div>[\/vc_column][vc_column width=&#8221;1\/2&#8243; css=&#8221;.vc_custom_1689761956353{margin-top: 0px !important;margin-right: 0px !important;margin-bottom: 0px !important;margin-left: 0px !important;padding-top: 0px !important;padding-right: 0px !important;padding-bottom: 0px !important;padding-left: 0px !important;background-image: url(https:\/\/blackmountainvillage.com\/wp-content\/uploads\/2023\/07\/canal-midi-2004-07-peniche-platane-cr-cg-deschamps-adt-aude-1455&#215;970-1.jpeg?id=1439) !important;background-position: center !important;background-repeat: no-repeat !important;background-size: cover !important;}&#8221; offset=&#8221;vc_col-lg-3\/5 vc_col-md-3\/5 vc_col-xs-12 vc_hidden-xs&#8221;]<div class=\"sc_section margin_top_null margin_bottom_null aligncenter column-1_1\"><div class=\"sc_section_inner\"><div class=\"sc_section_content_wrap\"><div class=\"cq-imageoverlay2-container  \" data-elementheight=\"\" data-overlaycolor=\"#434A54\"  data-image=\"\" data-titlesize=\"4em\" data-contentsize=\"5em\" data-contentcolor=\"\" data-overlaystyle=\"darkgray\" data-elementmargin=\"0 0 0 0\"><a href=\"https:\/\/www.audetourisme.com\/fr\/a-voir-a-faire\/incontournables\/canal-du-midi\/\" title=\"\" target=\"\" class=\"cq-imageoverlay2-link\"><div class=\"cq-imageoverlay2\"><img decoding=\"async\" src=\"\" class=\"cq-imageoverlay2-img\" alt=\"\" \/><div class=\"text-container\"><h3 class=\"cq-imageoverlay2-title\"><i class=\"cq-imageoverlay2-icon fas fa-arrow-circle-right\"><\/i> En savoir plus<\/h3><\/div><div class=\"cq-imageoverlay2-background\"><\/div><\/div><\/a><\/div><\/div><\/div><\/div>[\/vc_column][\/vc_row][vc_row full_width=&#8221;stretch_row_content&#8221; content_placement=&#8221;middle&#8221; inverse=&#8221;&#8221; css=&#8221;.vc_custom_1686909889044{margin-top: 0px !important;margin-left: 0px !important;border-left-width: 0px !important;padding-top: 0px !important;padding-left: 0px !important;background-color: #c3e89b !important;}&#8221;][vc_column width=&#8221;1\/2&#8243; css=&#8221;.vc_custom_1689762088278{margin-top: 0px !important;margin-right: 0px !important;margin-bottom: 0px !important;margin-left: 0px !important;padding-top: 0px !important;padding-right: 0px !important;padding-bottom: 0px !important;padding-left: 0px !important;background-image: url(https:\/\/blackmountainvillage.com\/wp-content\/uploads\/2023\/07\/canal-midi-2004-07-peniche-platane-cr-cg-deschamps-adt-aude-1455&#215;970-1.jpeg?id=1439) !important;background-position: center !important;background-repeat: no-repeat !important;background-size: cover !important;}&#8221; offset=&#8221;vc_col-lg-3\/5 vc_hidden-lg vc_col-md-3\/5 vc_hidden-md vc_hidden-sm vc_col-xs-12&#8243;]<div class=\"sc_section margin_top_null margin_bottom_null aligncenter column-1_1\"><div class=\"sc_section_inner\"><div class=\"sc_section_content_wrap\"><div class=\"cq-imageoverlay2-container  \" data-elementheight=\"\" data-overlaycolor=\"#434A54\"  data-image=\"\" data-titlesize=\"4em\" data-contentsize=\"5em\" data-contentcolor=\"\" data-overlaystyle=\"darkgray\" data-elementmargin=\"0 0 0 0\"><a href=\"https:\/\/www.audetourisme.com\/fr\/a-voir-a-faire\/incontournables\/canal-du-midi\/\" title=\"\" target=\"\" class=\"cq-imageoverlay2-link\"><div class=\"cq-imageoverlay2\"><img decoding=\"async\" src=\"\" class=\"cq-imageoverlay2-img\" alt=\"\" \/><div class=\"text-container\"><h3 class=\"cq-imageoverlay2-title\"><i class=\"cq-imageoverlay2-icon fas fa-arrow-circle-right\"><\/i> En savoir plus<\/h3><\/div><div class=\"cq-imageoverlay2-background\"><\/div><\/div><\/a><\/div><\/div><\/div><\/div>[\/vc_column][vc_column width=&#8221;1\/2&#8243; offset=&#8221;vc_col-lg-2\/5 vc_hidden-lg vc_col-md-2\/5 vc_hidden-md vc_hidden-sm vc_col-xs-12&#8243; css=&#8221;.vc_custom_1689762096643{margin-top: 0px !important;margin-right: 0px !important;margin-bottom: 0px !important;margin-left: 0px !important;border-top-width: 0px !important;border-right-width: 0px !important;border-bottom-width: 0px !important;border-left-width: 0px !important;padding-top: 0px !important;padding-right: 0px !important;padding-bottom: 0px !important;padding-left: 0px !important;}&#8221;]<div class=\"sc_section margin_top_null margin_right_small margin_bottom_tiny margin_left_tiny\"><div class=\"sc_section_inner\"><div class=\"sc_section_content_wrap\"><h5 class=\"sc_title sc_title_regular margin_top_null margin_bottom_tiny\" style=\"top-margin: 0px;color:#dd9933;font-weight:700;font-size:2;\">CANAL DU MIDI<\/h5>[vc_column_text]<span style=\"color: #003366;\">&#8211; AUDE &#8211;<\/span>[\/vc_column_text][vc_column_text]<\/p>\n<div class=\"elementor-element elementor-element-3bf2dd6 elementor-widget elementor-widget-text-editor\" data-id=\"3bf2dd6\" data-element_type=\"widget\" data-widget_type=\"text-editor.default\">\n<div class=\"elementor-widget-container\">\n<div class=\"elementor-text-editor elementor-clearfix\">\n<div class=\"elementor-element elementor-element-3bf2dd6 elementor-widget elementor-widget-text-editor\" data-id=\"3bf2dd6\" data-element_type=\"widget\" data-widget_type=\"text-editor.default\">\n<div class=\"elementor-widget-container\">\n<div class=\"elementor-text-editor elementor-clearfix\">\n<div class=\"elementor-element elementor-element-3bf2dd6 elementor-widget elementor-widget-text-editor\" data-id=\"3bf2dd6\" data-element_type=\"widget\" data-widget_type=\"text-editor.default\">\n<div class=\"elementor-widget-container\">\n<div class=\"elementor-text-editor elementor-clearfix\">\n<p><span style=\"color: #993300;\">Le canal du Midi traverse le d\u00e9partement de l\u2019Aude d\u2019ouest en est, des plaines du Lauragais, au littoral m\u00e9diterran\u00e9en, en passant par Castelnaudary, Carcassonne, Narbonne. Aliment\u00e9 par un syst\u00e8me tr\u00e8s sophistiqu\u00e9, il pr\u00e9sente\u00a0<strong>les plus anciennes inventions en termes de ma\u00eetrise hydraulique<\/strong>\u00a0et d\u2019ouvrages d\u2019art\u00a0: \u00e9cluses, ponts, aqueducs, \u00e9panchoirs \u2026 dont certains n\u2019ont pas \u00e9t\u00e9 modifi\u00e9s depuis leur origine.<\/span><\/p>\n<h6><span style=\"color: #0000ff;\">A 30 minutes de notre parc<\/span><\/h6>\n<\/div>\n<\/div>\n<\/div>\n<\/div>\n<\/div>\n<\/div>\n<\/div>\n<\/div>\n<\/div>\n<p>[\/vc_column_text]<\/div><div class=\"sc_section_button sc_item_button\"><a href=\"https:\/\/www.audetourisme.com\/fr\/experiences\/cabrespine-le-gouffre-geant\/\" class=\"sc_button sc_button_square sc_button_style_filled sc_button_size_medium\">En savoir plus<\/a><\/div><\/div><\/div>[\/vc_column][\/vc_row][vc_row full_width=&#8221;stretch_row_content&#8221; equal_height=&#8221;yes&#8221; content_placement=&#8221;middle&#8221; inverse=&#8221;&#8221; css=&#8221;.vc_custom_1687266275110{margin-top: 0px !important;margin-bottom: 0px !important;margin-left: 0px !important;border-left-width: 0px !important;padding-top: 0px !important;padding-bottom: 0px !important;padding-left: 0px !important;background-color: #c3e89b !important;}&#8221;][vc_column width=&#8221;1\/2&#8243; css=&#8221;.vc_custom_1689762233518{margin-top: 0px !important;margin-right: 0px !important;margin-bottom: 0px !important;margin-left: 0px !important;padding-top: 0px !important;padding-right: 0px !important;padding-bottom: 0px !important;padding-left: 0px !important;background-image: url(https:\/\/blackmountainvillage.com\/wp-content\/uploads\/2023\/07\/480596_grotte-de-limousis-limousis-9.jpg?id=1440) !important;background-position: center !important;background-repeat: no-repeat !important;background-size: cover !important;}&#8221; offset=&#8221;vc_col-lg-3\/5 vc_col-md-3\/5 vc_col-xs-12&#8243;]<div class=\"sc_section margin_top_null margin_bottom_null aligncenter column-1_1\"><div class=\"sc_section_inner\"><div class=\"sc_section_content_wrap\"><div class=\"cq-imageoverlay2-container  \" data-elementheight=\"\" data-overlaycolor=\"#434A54\"  data-image=\"\" data-titlesize=\"4em\" data-contentsize=\"5em\" data-contentcolor=\"\" data-overlaystyle=\"darkgray\" data-elementmargin=\"0 0 0 0\"><a href=\"https:\/\/www.grand-carcassonne-tourisme.fr\/la-destination\/les-incontournables\/grotte-de-limousis\/\" title=\"\" target=\"\" class=\"cq-imageoverlay2-link\"><div class=\"cq-imageoverlay2\"><img decoding=\"async\" src=\"\" class=\"cq-imageoverlay2-img\" alt=\"\" \/><div class=\"text-container\"><h3 class=\"cq-imageoverlay2-title\"><i class=\"cq-imageoverlay2-icon fas fa-arrow-circle-right\"><\/i> En savoir plus<\/h3><\/div><div class=\"cq-imageoverlay2-background\"><\/div><\/div><\/a><\/div><\/div><\/div><\/div>[\/vc_column][vc_column width=&#8221;1\/2&#8243; offset=&#8221;vc_col-lg-2\/5 vc_col-md-2\/5 vc_col-xs-12&#8243; css=&#8221;.vc_custom_1687265773413{margin-top: 0px !important;margin-right: 0px !important;margin-bottom: 0px !important;margin-left: 0px !important;border-top-width: 0px !important;border-right-width: 0px !important;border-bottom-width: 0px !important;border-left-width: 0px !important;padding-top: 0px !important;padding-right: 0px !important;padding-bottom: 0px !important;padding-left: 0px !important;}&#8221;]<div class=\"sc_section margin_top_null margin_right_null margin_bottom_tiny margin_left_small\"><div class=\"sc_section_inner\"><div class=\"sc_section_content_wrap\"><h5 class=\"sc_title sc_title_regular margin_top_null margin_bottom_tiny\" style=\"top-margin: 0px;color:#dd9933;font-weight:700;font-size:2;\">GROTTE DE LIMOUSIS<\/h5>[vc_column_text]<span style=\"color: #003300;\">&#8211; Limousis &#8211;<\/span>[\/vc_column_text][vc_column_text]<span style=\"color: #993300;\">La\u00a0<strong>Grotte de Limousis<\/strong>\u00a0vaut le d\u00e9tour par la richesse et la vari\u00e9t\u00e9 de ses salles.<\/span><br \/>\n<span style=\"color: #993300;\">Sur un parcours facile d\u2019un kilom\u00e8tre de long,\u00a0<strong>5 salles<\/strong>\u00a0(Colonnes, Bal, Lac Vert, Disques, Grand Lac) et\u00a0<strong>2 lacs<\/strong>\u00a0sont \u00e0 d\u00e9couvrir. Et le meilleur est pour la fin, avec le\u00a0<strong>Lustre d\u2019Aragonite<\/strong>, le plus grand ensemble de cristaux d\u2019aragonite r\u00e9pertori\u00e9 au monde !<\/span><\/p>\n<h6><span style=\"color: #0000ff;\">A 35 minutes de notre parc<\/span><\/h6>\n<p>[\/vc_column_text]<\/div><div class=\"sc_section_button sc_item_button\"><a href=\"https:\/\/www.audetourisme.com\/fr\/experiences\/carcassonne-entre-chateau-et-ruelles\/\" class=\"sc_button sc_button_square sc_button_style_filled sc_button_size_medium\">En savoir plus<\/a><\/div><\/div><\/div>[\/vc_column][\/vc_row][vc_row full_width=&#8221;stretch_row_content&#8221; content_placement=&#8221;middle&#8221; inverse=&#8221;&#8221; css=&#8221;.vc_custom_1686909889044{margin-top: 0px !important;margin-left: 0px !important;border-left-width: 0px !important;padding-top: 0px !important;padding-left: 0px !important;background-color: #c3e89b !important;}&#8221;][vc_column width=&#8221;1\/2&#8243; offset=&#8221;vc_col-lg-2\/5 vc_col-md-2\/5 vc_col-xs-12 vc_hidden-xs&#8221; css=&#8221;.vc_custom_1688057119352{margin-top: 0px !important;margin-right: 0px !important;margin-bottom: 0px !important;margin-left: 0px !important;border-top-width: 0px !important;border-right-width: 0px !important;border-bottom-width: 0px !important;border-left-width: 0px !important;padding-top: 0px !important;padding-right: 0px !important;padding-bottom: 0px !important;padding-left: 0px !important;}&#8221;]<div class=\"sc_section margin_top_null margin_right_small margin_bottom_tiny margin_left_tiny\"><div class=\"sc_section_inner\"><div class=\"sc_section_content_wrap\"><h5 class=\"sc_title sc_title_regular margin_top_null margin_bottom_tiny\" style=\"top-margin: 0px;color:#dd9933;font-weight:700;font-size:2;\">CH\u00c2TEAU DE SAISSAC<\/h5>[vc_column_text]<span style=\"color: #003366;\">&#8211; SAISSAC &#8211;<\/span>[\/vc_column_text][vc_column_text]<\/p>\n<div class=\"elementor-element elementor-element-3bf2dd6 elementor-widget elementor-widget-text-editor\" data-id=\"3bf2dd6\" data-element_type=\"widget\" data-widget_type=\"text-editor.default\">\n<div class=\"elementor-widget-container\">\n<div class=\"elementor-text-editor elementor-clearfix\">\n<div class=\"elementor-element elementor-element-3bf2dd6 elementor-widget elementor-widget-text-editor\" data-id=\"3bf2dd6\" data-element_type=\"widget\" data-widget_type=\"text-editor.default\">\n<div class=\"elementor-widget-container\">\n<div class=\"elementor-text-editor elementor-clearfix\">\n<div class=\"elementor-element elementor-element-3bf2dd6 elementor-widget elementor-widget-text-editor\" data-id=\"3bf2dd6\" data-element_type=\"widget\" data-widget_type=\"text-editor.default\">\n<div class=\"elementor-widget-container\">\n<div class=\"elementor-text-editor elementor-clearfix\">\n<p><span style=\"color: #993300;\">Le ch\u00e2teau de Saissac est l\u2019un des plus anciens de la Montagne Noire. Perch\u00e9 \u00e0 450m d\u2019altitude en bord de plateau, \u00e0 peine arrim\u00e9 \u00e0 son village, il d\u00e9fie les Pyr\u00e9n\u00e9es par dessus les plaines carcassonnaise et lauraguaise. Son \u00ab tr\u00e9sor \u00bb t\u00e9moigne des premi\u00e8res monnaies frapp\u00e9es dans le Midi par le pouvoir royal.<\/span><\/p>\n<h6><span style=\"color: #0000ff;\">A 30 minutes de notre parc<\/span><\/h6>\n<\/div>\n<\/div>\n<\/div>\n<\/div>\n<\/div>\n<\/div>\n<\/div>\n<\/div>\n<\/div>\n<p>[\/vc_column_text]<\/div><div class=\"sc_section_button sc_item_button\"><a href=\"https:\/\/www.audetourisme.com\/fr\/experiences\/cabrespine-le-gouffre-geant\/\" class=\"sc_button sc_button_square sc_button_style_filled sc_button_size_medium\">En savoir plus<\/a><\/div><\/div><\/div>[\/vc_column][vc_column width=&#8221;1\/2&#8243; css=&#8221;.vc_custom_1689762499312{margin-top: 0px !important;margin-right: 0px !important;margin-bottom: 0px !important;margin-left: 0px !important;padding-top: 0px !important;padding-right: 0px !important;padding-bottom: 0px !important;padding-left: 0px !important;background-image: url(https:\/\/blackmountainvillage.com\/wp-content\/uploads\/2023\/07\/vue_chateau_dorian_goxe-1.jpg?id=1442) !important;background-position: center !important;background-repeat: no-repeat !important;background-size: cover !important;}&#8221; offset=&#8221;vc_col-lg-3\/5 vc_col-md-3\/5 vc_col-xs-12 vc_hidden-xs&#8221;]<div class=\"sc_section margin_top_null margin_bottom_null aligncenter column-1_1\"><div class=\"sc_section_inner\"><div class=\"sc_section_content_wrap\"><div class=\"cq-imageoverlay2-container  \" data-elementheight=\"\" data-overlaycolor=\"#434A54\"  data-image=\"\" data-titlesize=\"4em\" data-contentsize=\"5em\" data-contentcolor=\"\" data-overlaystyle=\"darkgray\" data-elementmargin=\"0 0 0 0\"><a href=\"https:\/\/www.payscathare.org\/les-sites\/chateau-de-saissac\" title=\"\" target=\"\" class=\"cq-imageoverlay2-link\"><div class=\"cq-imageoverlay2\"><img decoding=\"async\" src=\"\" class=\"cq-imageoverlay2-img\" alt=\"\" \/><div class=\"text-container\"><h3 class=\"cq-imageoverlay2-title\"><i class=\"cq-imageoverlay2-icon fas fa-arrow-circle-right\"><\/i> En savoir plus<\/h3><\/div><div class=\"cq-imageoverlay2-background\"><\/div><\/div><\/a><\/div><\/div><\/div><\/div>[\/vc_column][\/vc_row][vc_row full_width=&#8221;stretch_row_content&#8221; content_placement=&#8221;middle&#8221; inverse=&#8221;&#8221; css=&#8221;.vc_custom_1686909889044{margin-top: 0px !important;margin-left: 0px !important;border-left-width: 0px !important;padding-top: 0px !important;padding-left: 0px !important;background-color: #c3e89b !important;}&#8221;][vc_column width=&#8221;1\/2&#8243; css=&#8221;.vc_custom_1689762605134{margin-top: 0px !important;margin-right: 0px !important;margin-bottom: 0px !important;margin-left: 0px !important;padding-top: 0px !important;padding-right: 0px !important;padding-bottom: 0px !important;padding-left: 0px !important;background-image: url(https:\/\/blackmountainvillage.com\/wp-content\/uploads\/2023\/07\/vue_chateau_dorian_goxe-1.jpg?id=1442) !important;background-position: center !important;background-repeat: no-repeat !important;background-size: cover !important;}&#8221; offset=&#8221;vc_col-lg-3\/5 vc_hidden-lg vc_col-md-3\/5 vc_hidden-md vc_hidden-sm vc_col-xs-12&#8243;]<div class=\"sc_section margin_top_null margin_bottom_null aligncenter column-1_1\"><div class=\"sc_section_inner\"><div class=\"sc_section_content_wrap\"><div class=\"cq-imageoverlay2-container  \" data-elementheight=\"\" data-overlaycolor=\"#434A54\"  data-image=\"\" data-titlesize=\"4em\" data-contentsize=\"5em\" data-contentcolor=\"\" data-overlaystyle=\"darkgray\" data-elementmargin=\"0 0 0 0\"><a href=\"https:\/\/www.payscathare.org\/les-sites\/chateau-de-saissac\" title=\"\" target=\"\" class=\"cq-imageoverlay2-link\"><div class=\"cq-imageoverlay2\"><img decoding=\"async\" src=\"\" class=\"cq-imageoverlay2-img\" alt=\"\" \/><div class=\"text-container\"><h3 class=\"cq-imageoverlay2-title\"><i class=\"cq-imageoverlay2-icon fas fa-arrow-circle-right\"><\/i> En savoir plus<\/h3><\/div><div class=\"cq-imageoverlay2-background\"><\/div><\/div><\/a><\/div><\/div><\/div><\/div>[\/vc_column][vc_column width=&#8221;1\/2&#8243; offset=&#8221;vc_col-lg-2\/5 vc_hidden-lg vc_col-md-2\/5 vc_hidden-md vc_hidden-sm vc_col-xs-12&#8243; css=&#8221;.vc_custom_1689762614567{margin-top: 0px !important;margin-right: 0px !important;margin-bottom: 0px !important;margin-left: 0px !important;border-top-width: 0px !important;border-right-width: 0px !important;border-bottom-width: 0px !important;border-left-width: 0px !important;padding-top: 0px !important;padding-right: 0px !important;padding-bottom: 0px !important;padding-left: 0px !important;}&#8221;]<div class=\"sc_section margin_top_null margin_right_small margin_bottom_tiny margin_left_tiny\"><div class=\"sc_section_inner\"><div class=\"sc_section_content_wrap\"><h5 class=\"sc_title sc_title_regular margin_top_null margin_bottom_tiny\" style=\"top-margin: 0px;color:#dd9933;font-weight:700;font-size:2;\">CH\u00c2TEAU DE SAISSAC<\/h5>[vc_column_text]<span style=\"color: #003366;\">&#8211; SAISSAC &#8211;<\/span>[\/vc_column_text][vc_column_text]<\/p>\n<div class=\"elementor-element elementor-element-3bf2dd6 elementor-widget elementor-widget-text-editor\" data-id=\"3bf2dd6\" data-element_type=\"widget\" data-widget_type=\"text-editor.default\">\n<div class=\"elementor-widget-container\">\n<div class=\"elementor-text-editor elementor-clearfix\">\n<div class=\"elementor-element elementor-element-3bf2dd6 elementor-widget elementor-widget-text-editor\" data-id=\"3bf2dd6\" data-element_type=\"widget\" data-widget_type=\"text-editor.default\">\n<div class=\"elementor-widget-container\">\n<div class=\"elementor-text-editor elementor-clearfix\">\n<div class=\"elementor-element elementor-element-3bf2dd6 elementor-widget elementor-widget-text-editor\" data-id=\"3bf2dd6\" data-element_type=\"widget\" data-widget_type=\"text-editor.default\">\n<div class=\"elementor-widget-container\">\n<div class=\"elementor-text-editor elementor-clearfix\">\n<p><span style=\"color: #993300;\">Le ch\u00e2teau de Saissac est l\u2019un des plus anciens de la Montagne Noire. Perch\u00e9 \u00e0 450m d\u2019altitude en bord de plateau, \u00e0 peine arrim\u00e9 \u00e0 son village, il d\u00e9fie les Pyr\u00e9n\u00e9es par dessus les plaines carcassonnaise et lauraguaise. Son \u00ab tr\u00e9sor \u00bb t\u00e9moigne des premi\u00e8res monnaies frapp\u00e9es dans le Midi par le pouvoir royal.<\/span><\/p>\n<h6><span style=\"color: #0000ff;\">A 30 minutes de notre parc<\/span><\/h6>\n<\/div>\n<\/div>\n<\/div>\n<\/div>\n<\/div>\n<\/div>\n<\/div>\n<\/div>\n<\/div>\n<p>[\/vc_column_text]<\/div><div class=\"sc_section_button sc_item_button\"><a href=\"https:\/\/www.audetourisme.com\/fr\/experiences\/cabrespine-le-gouffre-geant\/\" class=\"sc_button sc_button_square sc_button_style_filled sc_button_size_medium\">En savoir plus<\/a><\/div><\/div><\/div>[\/vc_column][\/vc_row]<\/p>\n<\/section>","protected":false},"excerpt":{"rendered":"<p>[vc_row full_width=&#8221;stretch_row_content&#8221; equal_height=&#8221;yes&#8221; content_placement=&#8221;middle&#8221; inverse=&#8221;&#8221; css=&#8221;.vc_custom_1687266275110{margin-top: 0px !important;margin-bottom: 0px !important;margin-left: 0px !important;border-left-width: 0px !important;padding-top: 0px !important;padding-bottom: 0px !important;padding-left: 0px !important;background-color: #c3e89b !important;}&#8221;][vc_column width=&#8221;1\/2&#8243; css=&#8221;.vc_custom_1689757768126{margin-top: 0px !important;margin-right: 0px !important;margin-bottom: 0px !important;margin-left: [&hellip;]<\/p>\n","protected":false},"author":1,"featured_media":0,"parent":0,"menu_order":0,"comment_status":"closed","ping_status":"closed","template":"","meta":{"footnotes":""},"class_list":["post-1143","page","type-page","status-publish","hentry"],"_links":{"self":[{"href":"https:\/\/blackmountainvillage.com\/index.php\/wp-json\/wp\/v2\/pages\/1143","targetHints":{"allow":["GET"]}}],"collection":[{"href":"https:\/\/blackmountainvillage.com\/index.php\/wp-json\/wp\/v2\/pages"}],"about":[{"href":"https:\/\/blackmountainvillage.com\/index.php\/wp-json\/wp\/v2\/types\/page"}],"author":[{"embeddable":true,"href":"https:\/\/blackmountainvillage.com\/index.php\/wp-json\/wp\/v2\/users\/1"}],"replies":[{"embeddable":true,"href":"https:\/\/blackmountainvillage.com\/index.php\/wp-json\/wp\/v2\/comments?post=1143"}],"version-history":[{"count":2,"href":"https:\/\/blackmountainvillage.com\/index.php\/wp-json\/wp\/v2\/pages\/1143\/revisions"}],"predecessor-version":[{"id":1443,"href":"https:\/\/blackmountainvillage.com\/index.php\/wp-json\/wp\/v2\/pages\/1143\/revisions\/1443"}],"wp:attachment":[{"href":"https:\/\/blackmountainvillage.com\/index.php\/wp-json\/wp\/v2\/media?parent=1143"}],"curies":[{"name":"wp","href":"https:\/\/api.w.org\/{rel}","templated":true}]}}